{"id":1259,"date":"2026-08-26T11:09:25","date_gmt":"2026-08-26T14:09:25","guid":{"rendered":"https:\/\/pos-graduacao.uepb.edu.br\/profmat\/?page_id=1259"},"modified":"2026-08-28T11:46:20","modified_gmt":"2026-08-28T14:46:20","slug":"corpo-docente-doutorado","status":"publish","type":"page","link":"https:\/\/pos-graduacao.uepb.edu.br\/profmat\/corpo-docente-doutorado\/","title":{"rendered":"Corpo Docente Doutorado"},"content":{"rendered":"<div class=\"wpb-content-wrapper\" id=\"wpb-content-root\"><p>[vc_row gap=&#8221;35&#8243;][vc_column width=&#8221;1\/2&#8243;][vc_row_inner][vc_column_inner width=&#8221;1\/4&#8243;][vc_single_image image=&#8221;185&#8243; img_size=&#8221;full&#8221; style=&#8221;vc_box_border_circle_2&#8243;][vc_column_text]<a href=\"http:\/\/lattes.cnpq.br\/7824999669236398\" target=\"_blank\" rel=\"noopener\">Aldo Trajano Louredo<\/a>[\/vc_column_text][\/vc_column_inner][vc_column_inner width=&#8221;3\/4&#8243;][vc_column_text]Possui gradua\u00e7\u00e3o em Licenciatura plena em matem\u00e1tica pela Universidade Estadual da Para\u00edba (1997), mestrado em Matem\u00e1tica pela Universidade Federal da Para\u00edba (2000) e doutorado em Matem\u00e1tica pela Universidade Federal do Rio de Janeiro (2008). Atualmente \u00e9 professor Associado A da Universidade Estadual da Para\u00edba. Tem experi\u00eancia na \u00e1rea de Matem\u00e1tica, com \u00eanfase em Equa\u00e7\u00f5es Diferenciais Parciais e atuando principalmente nos seguintes temas: Exist\u00eancia, unicidade e estabiliza\u00e7\u00e3o de solu\u00e7\u00f5es de problemas de evolu\u00e7\u00e3o tipo hiperb\u00f3licos, parab\u00f3licos e teoria do controle.Curr\u00edculo[\/vc_column_text][\/vc_column_inner][\/vc_row_inner][\/vc_column][vc_column width=&#8221;1\/2&#8243;][vc_row_inner][vc_column_inner width=&#8221;1\/4&#8243;][vc_single_image image=&#8221;682&#8243; img_size=&#8221;full&#8221; style=&#8221;vc_box_border_circle_2&#8243;][vc_column_text]<a href=\"http:\/\/lattes.cnpq.br\/4483939457393328\" target=\"_blank\" rel=\"noopener\">Arlandson Matheus Silva Oliveira<\/a>[\/vc_column_text][\/vc_column_inner][vc_column_inner width=&#8221;3\/4&#8243;][vc_column_text]Licenciado em Matem\u00e1tica pela Universidade Federal do Rio Grande do Norte (2012), Mestre em Matem\u00e1tica da Universidade Federal de Campina Grande (2015) e Doutor em Matem\u00e1tica pelo Programa de Doutorado em Matem\u00e1tica em associa\u00e7\u00e3o ampla entre as Universidades Federais de Campina Grande e da Para\u00edba. Desde 2016 \u00e9 professor do quadro efetivo do Centro de Ci\u00eancias Exatas e Sociais Aplicadas, Campus VII (Patos-PB) da Universidade Estadual da Para\u00edba, lecionando no Curso de Licenciatura Plena em Matem\u00e1tica, do qual tamb\u00e9m atua, desde janeiro de 2021, como Coordenador. Tem interesse em Geometria Diferencial, An\u00e1lise Geom\u00e9trica e Ensino de Geometria.[\/vc_column_text][\/vc_column_inner][\/vc_row_inner][\/vc_column][vc_column][vc_separator css=&#8221;.vc_custom_1726225700290{margin-top: 30px !important;margin-bottom: 30px !important;}&#8221;][\/vc_column][\/vc_row][vc_row gap=&#8221;35&#8243;][vc_column width=&#8221;1\/2&#8243;][vc_row_inner][vc_column_inner width=&#8221;1\/4&#8243;][vc_single_image image=&#8221;1264&#8243; img_size=&#8221;full&#8221; style=&#8221;vc_box_border_circle_2&#8243; alignment=&#8221;center&#8221;][vc_column_text]<a href=\"http:\/\/lattes.cnpq.br\/0088762333310000\" target=\"_blank\" rel=\"noopener\">Divanilda Maia Esteves<\/a>[\/vc_column_text][\/vc_column_inner][vc_column_inner width=&#8221;3\/4&#8243;][vc_column_text]Possui gradua\u00e7\u00e3o em Licenciatura em Matem\u00e1tica pela Universidade Federal da Para\u00edba(2000), gradua\u00e7\u00e3o em Bacharelado em Matem\u00e1tica pela Universidade Federal da Para\u00edba(2000), mestrado em Estatistica pela Universidade Federal de Pernambuco(2003) e doutorado em Estat\u00edstica pela Universidade de S\u00e3o Paulo(2007). Atualmente \u00e9 Professor Doutor da Universidade Estadual da Para\u00edba e Revisor de peri\u00f3dico da REVISTA BRASILEIRA DE BIOMETRIA. Tem experi\u00eancia na \u00e1rea de Probabilidade e Estat\u00edstica, com \u00eanfase em Estat\u00edstica. Atuando principalmente nos seguintes temas:cadeias de alcance variavel, cadeias de ordem infinita, estrutura regenerativa.[\/vc_column_text][\/vc_column_inner][\/vc_row_inner][\/vc_column][vc_column width=&#8221;1\/2&#8243;][vc_row_inner][vc_column_inner width=&#8221;1\/4&#8243;][vc_single_image image=&#8221;391&#8243; img_size=&#8221;full&#8221; style=&#8221;vc_box_border_circle_2&#8243;][vc_column_text]<a href=\"http:\/\/lattes.cnpq.br\/1665465171972613\" target=\"_blank\" rel=\"noopener\">Emanuela R\u00e9gia De Sousa Coelho<\/a>[\/vc_column_text][\/vc_column_inner][vc_column_inner width=&#8221;3\/4&#8243;][vc_column_text]Possui gradua\u00e7\u00e3o em Licenciatura em Matem\u00e1tica pela Universidade Estadual da Para\u00edba (2012), mestrado em Matem\u00e1tica pela Universidade Federal de Campina Grande (2014) e doutorado em Matem\u00e1tica pela Universidade Estadual de Maring\u00e1(2018). Atualmente \u00e9 Professora da Universidade Estadual da Para\u00edba, atuando principalmente nos seguintes temas: Exist\u00eancia, unicidade e estabiliza\u00e7\u00e3o de solu\u00e7\u00f5es de problemas de evolu\u00e7\u00e3o do tipo hiperb\u00f3licos.[\/vc_column_text][\/vc_column_inner][\/vc_row_inner][\/vc_column][vc_column][vc_separator css=&#8221;.vc_custom_1726225700290{margin-top: 30px !important;margin-bottom: 30px !important;}&#8221;][\/vc_column][\/vc_row][vc_row gap=&#8221;35&#8243;][vc_column width=&#8221;1\/2&#8243;][vc_row_inner][vc_column_inner width=&#8221;1\/4&#8243;][vc_single_image image=&#8221;194&#8243; img_size=&#8221;full&#8221; style=&#8221;vc_box_border_circle_2&#8243;][vc_column_text]<a href=\"http:\/\/lattes.cnpq.br\/0127572956463704\" target=\"_blank\" rel=\"noopener\">Francisco Siberio Bezerra Albuquerque<\/a>[\/vc_column_text][\/vc_column_inner][vc_column_inner width=&#8221;3\/4&#8243;][vc_column_text]Fez parte de seus estudos superiores na Universidade Federal do Cear\u00e1 (UFC), onde concluiu o Bacharelado em Matem\u00e1tica em 2004 e o Mestrado em Matem\u00e1tica em 2007. Possui Doutorado em Matem\u00e1tica pela UFPB\/UFCG, tendo conclu\u00eddo em 2014. Atualmente ocupa o cargo de Professor Doutor-B em regime de trabalho T40-Dedica\u00e7\u00e3o Exclusiva do Centro de Ci\u00eancias e Tecnologia (CCT)-Campus I (Campina Grande) da Universidade Estadual da Para\u00edba (UEPB). Sua \u00e1rea de interesse primordial \u00e9 An\u00e1lise, com \u00eanfase em Equa\u00e7\u00f5es Diferenciais Parciais El\u00edpticas.[\/vc_column_text][\/vc_column_inner][\/vc_row_inner][\/vc_column][vc_column width=&#8221;1\/2&#8243;][vc_row_inner][vc_column_inner width=&#8221;1\/4&#8243;][vc_single_image image=&#8221;196&#8243; img_size=&#8221;full&#8221; style=&#8221;vc_box_border_circle_2&#8243;][vc_column_text]<a href=\"http:\/\/lattes.cnpq.br\/1278317287450234\" target=\"_blank\" rel=\"noopener\">Gustavo da Silva Araujo<\/a>[\/vc_column_text][\/vc_column_inner][vc_column_inner width=&#8221;3\/4&#8243;][vc_column_text]Bacharel, Mestre e Doutor em Matem\u00e1tica pela Universidade Federal da Para\u00edba. Realizou est\u00e1gios de mestrado e doutorado sandu\u00edche, respectivamente, na UNICAMP e na Universidad Complutense de Madrid. Atualmente \u00e9 Professor Doutor A DE da Universidade Estadual da Para\u00edba. Tem experi\u00eancia na \u00e1rea de Matem\u00e1tica, sendo An\u00e1lise Funcional sua principal \u00e1rea de atua\u00e7\u00e3o e pesquisa.[\/vc_column_text][\/vc_column_inner][\/vc_row_inner][\/vc_column][vc_column][vc_separator css=&#8221;.vc_custom_1726225700290{margin-top: 30px !important;margin-bottom: 30px !important;}&#8221;][\/vc_column][\/vc_row][vc_row gap=&#8221;35&#8243;][vc_column width=&#8221;1\/2&#8243;][vc_row_inner][vc_column_inner width=&#8221;1\/4&#8243;][vc_single_image image=&#8221;595&#8243; img_size=&#8221;full&#8221; style=&#8221;vc_box_border_circle_2&#8243;][vc_column_text]<a href=\"http:\/\/lattes.cnpq.br\/3437955242977256\" target=\"_blank\" rel=\"noopener\">Israel Buriti Galv\u00e3o<\/a>[\/vc_column_text][\/vc_column_inner][vc_column_inner width=&#8221;3\/4&#8243;][vc_column_text]Possui gradua\u00e7\u00e3o em Bacharelado em Matem\u00e1tica pela Universidade Federal de Campina Grande (2010), mestrado em Matem\u00e1tica pela Universidade Federal de Campina Grande (2012) e doutorado em Engenharia de Processos pela Universidade Federal de Campina Grande (2017). Atualmente \u00e9 Professor Doutor A (DE) no Departamento de Matem\u00e1tica do Centro de Ci\u00eancias e Tecnologia da Universidade Estadual da Para\u00edba.[\/vc_column_text][\/vc_column_inner][\/vc_row_inner][\/vc_column][vc_column width=&#8221;1\/2&#8243;][vc_row_inner][vc_column_inner width=&#8221;1\/4&#8243;][vc_single_image image=&#8221;1265&#8243; img_size=&#8221;full&#8221; style=&#8221;vc_box_border_circle_2&#8243;][vc_column_text]<a href=\"http:\/\/lattes.cnpq.br\/5830488292829260\" target=\"_blank\" rel=\"noopener\">Luciana Roze de Freitas<\/a>[\/vc_column_text][\/vc_column_inner][vc_column_inner width=&#8221;3\/4&#8243;][vc_column_text]Possui gradua\u00e7\u00e3o em Bacharelado em Matem\u00e1tica pela Universidade Federal da Para\u00edba (2000), mestrado em Matem\u00e1tica pela Universidade Federal da Para\u00edba (2002) e doutorado em Matem\u00e1tica pela Universidade de S\u00e3o Paulo (2010). Atualmente \u00e9 professora da Universidade Estadual da Para\u00edba \u2013 UEPB, em Campina Grande. Tem experi\u00eancia na \u00e1rea de Matem\u00e1tica, com \u00eanfase em Equa\u00e7\u00f5es Diferenciais Parciais El\u00edpticas.[\/vc_column_text][\/vc_column_inner][\/vc_row_inner][\/vc_column][vc_column][vc_separator css=&#8221;.vc_custom_1726225700290{margin-top: 30px !important;margin-bottom: 30px !important;}&#8221;][\/vc_column][\/vc_row][vc_row gap=&#8221;35&#8243;][vc_column width=&#8221;1\/2&#8243;][vc_row_inner][vc_column_inner width=&#8221;1\/4&#8243;][vc_single_image image=&#8221;199&#8243; img_size=&#8221;full&#8221; style=&#8221;vc_box_border_circle_2&#8243;][vc_column_text]<a href=\"http:\/\/lattes.cnpq.br\/8509829767195598\" target=\"_blank\" rel=\"noopener\">Maria Isabelle Silva Dias Yanes<\/a>[\/vc_column_text][\/vc_column_inner][vc_column_inner width=&#8221;3\/4&#8243;][vc_column_text]Possui Bacharelado em Matem\u00e1tica pela Universidade Federal da Para\u00edba (2000), mestrado em Matem\u00e1tica pela Universidade Federal da Para\u00edba (2003) e Doutorado em Matem\u00e1tica Computacional pela Universidade Federal de Pernambuco(2012). Atualmente \u00e9 professora da Universidade Estadual da Para\u00edba e Coordenadora da Licenciatura em Matem\u00e1tica.[\/vc_column_text][\/vc_column_inner][\/vc_row_inner][\/vc_column][vc_column width=&#8221;1\/2&#8243;][vc_row_inner][vc_column_inner width=&#8221;1\/4&#8243;][vc_single_image image=&#8221;201&#8243; img_size=&#8221;full&#8221; style=&#8221;vc_box_border_circle_2&#8243;][vc_column_text]<a href=\"http:\/\/lattes.cnpq.br\/7089093133803231\" target=\"_blank\" rel=\"noopener\">Silvio Fernando Alves Xavier Junior<\/a>[\/vc_column_text][\/vc_column_inner][vc_column_inner width=&#8221;3\/4&#8243;][vc_column_text]Licenciado em Matem\u00e1tica (UFPE). Possui Mestrado em Biometria e Estat\u00edsitica Aplicada (UFRPE). Doutorado em Biometria e Estat\u00edstica Aplicada (UFRPE). Realizou est\u00e1gio sandu\u00edche na Texas A &amp; M University (dura\u00e7\u00e3o de 6 meses), United States, Biological and Agricultural Engineering Department. Coordenador do curso de Estat\u00edstica (CCT\/UEPB). \u00c1reas de interesse: Estat\u00edstica Aplicada, Infer\u00eancia Estat\u00edstica, MF-DFA, Entropia e An\u00e1lise de Tend\u00eancias.[\/vc_column_text][\/vc_column_inner][\/vc_row_inner][\/vc_column][vc_column][vc_separator css=&#8221;.vc_custom_1726225700290{margin-top: 30px !important;margin-bottom: 30px !important;}&#8221;][\/vc_column][\/vc_row][vc_row gap=&#8221;35&#8243;][vc_column width=&#8221;1\/2&#8243;][vc_row_inner][vc_column_inner width=&#8221;1\/4&#8243;][vc_single_image image=&#8221;203&#8243; img_size=&#8221;full&#8221; style=&#8221;vc_box_border_circle_2&#8243;][vc_column_text]<a href=\"http:\/\/lattes.cnpq.br\/2587833251368302\" target=\"_blank\" rel=\"noopener\">Vandenberg Lopes Vieira<\/a>[\/vc_column_text][\/vc_column_inner][vc_column_inner width=&#8221;3\/4&#8243;][vc_column_text]Possui gradua\u00e7\u00e3o em matem\u00e1tica pela Universidade Estadual da Para\u00edba (1996), especializa\u00e7\u00e3o em matem\u00e1tica aplicada pela Universidade Federal da Para\u00edba \u2013 UFPB (1997), mestrado em Matem\u00e1tica pela Universidade Federal da Para\u00edba \u2013 UFPB (2000), e doutorado em engenharia el\u00e9trica pela Universidade Estadual de Campinas \u2013 Unicamp (2007). Atualmente \u00e9 Professor Associado B da Universidade Estadual da Para\u00edba \u2013 UEPB. Tem experi\u00eancia na \u00e1rea de Matem\u00e1tica, com \u00eanfase em estruturas alg\u00e9bricas aplicadas a c\u00f3digos, atuando principalmente nos seguintes temas: constela\u00e7\u00f5es de sinais hiperb\u00f3licas, \u00e1lgebra dos quat\u00e9rnios e grupos fuchsianos aritm\u00e9ticos.[\/vc_column_text][\/vc_column_inner][\/vc_row_inner][\/vc_column][vc_column width=&#8221;1\/2&#8243;][vc_row_inner][vc_column_inner width=&#8221;1\/4&#8243;][vc_single_image image=&#8221;1268&#8243; img_size=&#8221;full&#8221; style=&#8221;vc_box_border_circle_2&#8243;][vc_column_text]Daniel Cordeiro de Moraes Filho \u2013 UFCG[\/vc_column_text][\/vc_column_inner][vc_column_inner width=&#8221;3\/4&#8243;][vc_column_text]Possui gradua\u00e7\u00e3o em Matem\u00e1tica pela Universidade Federal da Para\u00edba, Mestrado em Matem\u00e1tica pela Universidade Federal de Pernambuco e Doutorado em Matem\u00e1tica pela Universidade Estadual de Campinas. Fez Est\u00e1gio P\u00f3s-Doutoral na Rutgers University, em New Jersey (USA). Foi Bolsista de Produtividade em Pesquisa do CNPq, orientou Mestrados Acad\u00eamicos em Matem\u00e1tica, com \u00eanfase nas t\u00e9cnicas da An\u00e1lise Funcional Linear e N\u00e3o-linear aplicadas \u00e0s Equa\u00e7\u00f5es Diferenciais Parciais El\u00edpticas de diferentes tipos. Atualmente, dedica-se \u00e0 pesquisa na \u00e1rea de Ensino de Matem\u00e1tica, com especial interesse na forma\u00e7\u00e3o acad\u00eamica universit\u00e1ria de alunos e de futuros professores, na melhoria do ensino e na populariza\u00e7\u00e3o e divulga\u00e7\u00e3o da Matem\u00e1tica. Nesse sentido, ao longo dos anos, tem dado confer\u00eancias, escrito artigos e textos sobre o tema, como tamb\u00e9m \u00e9 membro do Corpo Editorial da Revista Professor de Matem\u00e1tica Online (PMO\/SBM). Como contribui\u00e7\u00e3o na \u00e1rea, escreveu cinco livros, dois deles publicados pela Sociedade Brasileira de Matem\u00e1tica. Tamb\u00e9m tem orientado alunos de P\u00f3s-Gradua\u00e7\u00e3o (do Mestrado Acad\u00eamico e agora do PROFMAT-Mestrado Profissional em Matem\u00e1tica em Rede Nacional), e, com orgulho e entusiasmo, foi Tutor do Grupo PET-Matem\u00e1tica-UFCG, orientando v\u00e1rios alunos, hoje, mestres, doutores, p\u00f3s-docs e professores de Institui\u00e7\u00f5es de Ensino Superior e do Ensino B\u00e1sico. Foi Secret\u00e1rio Regional e membro do Conselho Diretor da Sociedade Brasileira de Matem\u00e1tica. Atualmente, voltou a ser o Tutor do PET-Matem\u00e1tica-UFCG e \u00e9 Professor Titular da Universidade Federal de Campina Grande. Coleciona e tem admiradora paix\u00e3o por m\u00e1quinas mec\u00e2nicas de calcular antigas.[\/vc_column_text][\/vc_column_inner][\/vc_row_inner][\/vc_column][\/vc_row][vc_row][vc_column][vc_separator css=&#8221;.vc_custom_1726225700290{margin-top: 30px !important;margin-bottom: 30px !important;}&#8221;][\/vc_column][\/vc_row][vc_row gap=&#8221;35&#8243;][vc_column width=&#8221;1\/2&#8243;][vc_row_inner][vc_column_inner width=&#8221;1\/4&#8243;][vc_single_image image=&#8221;1266&#8243; img_size=&#8221;full&#8221; style=&#8221;vc_box_border_circle_2&#8243;][vc_column_text]Flank David Moraes Bezerra \u2013 UFPB[\/vc_column_text][\/vc_column_inner][vc_column_inner width=&#8221;3\/4&#8243;][vc_column_text]Doutor em Matem\u00e1tica pela Universidade de S\u00e3o Paulo (USP), com per\u00edodo de doutorado-sandu\u00edche na Universidad Complutense de Madrid, Espanha, e p\u00f3s-doutorado em Matem\u00e1tica pela USP. Atualmente \u00e9 Professor Titular da Universidade Federal da Para\u00edba (UFPB).<\/p>\n<p>Desenvolve pesquisas nas \u00e1reas de sistemas din\u00e2micos em espa\u00e7os de dimens\u00e3o finita e infinita, teoria espectral de operadores lineares em espa\u00e7os de Banach, teoria de semigrupos fortemente cont\u00ednuos, Equa\u00e7\u00f5es Diferenciais Parciais de Evolu\u00e7\u00e3o e teoria de atratores aut\u00f4nomos e n\u00e3o aut\u00f4nomos.<\/p>\n<p>Possui experi\u00eancia com ferramentas gr\u00e1ficas e de visualiza\u00e7\u00e3o voltadas para o processo de ensino e aprendizagem em Matem\u00e1tica em todos os n\u00edveis. Tamb\u00e9m possui experi\u00eancia em LaTeX, incluindo os pacotes gr\u00e1gicos vetoriais Animate, PGFPlots, TikZ e Tkz-Euclide, al\u00e9m de programa\u00e7\u00e3o em Python. \u00c9 membro do Programa de P\u00f3s-Gradua\u00e7\u00e3o em Matem\u00e1tica, Mestrado Profissional em Matem\u00e1tica em Rede Nacional (PROFMAT), e Doutorado Profissional em Matem\u00e1tica em Rede Nacional (PROFMAT-D).[\/vc_column_text][\/vc_column_inner][\/vc_row_inner][\/vc_column][vc_column width=&#8221;1\/2&#8243;][vc_row_inner][vc_column_inner width=&#8221;1\/4&#8243;][vc_single_image image=&#8221;1267&#8243; img_size=&#8221;full&#8221; style=&#8221;vc_box_border_circle_2&#8243;][vc_column_text]Carmen Vieira Mathias \u2013 UFSM[\/vc_column_text][\/vc_column_inner][vc_column_inner width=&#8221;3\/4&#8243;][vc_column_text]Licenciada em Matem\u00e1tica pela UFSM, realizou os cursos de mestrado e doutorado em Matem\u00e1tica na Universidade Federal do Rio Grande do Sul e um est\u00e1gio de p\u00f3s-doutorado com \u00eanfase em ensino de matem\u00e1tica na UFN. Atualmente \u00e9 professora titular do Departamento de Matem\u00e1tica na Universidade Federal de Santa Maria (UFSM), coordenadora substituta do ProfMat &#8211; Nacional e coordenadora dos cursos de Matem\u00e1tica na UFSM, Quanto a pesquisa, possui interesse na realiza\u00e7\u00e3o de investiga\u00e7\u00f5es sobre o uso de tecnologias digitais e sua import\u00e2ncia no processo de visualiza\u00e7\u00e3o de entes geom\u00e9tricos.[\/vc_column_text][\/vc_column_inner][\/vc_row_inner][\/vc_column][\/vc_row]<\/p>\n<\/div>","protected":false},"excerpt":{"rendered":"<p>[vc_row gap=&#8221;35&#8243;][vc_column width=&#8221;1\/2&#8243;][vc_row_inner][vc_column_inner width=&#8221;1\/4&#8243;][vc_single_image image=&#8221;185&#8243; img_size=&#8221;full&#8221; style=&#8221;vc_box_border_circle_2&#8243;][vc_column_text]Aldo Trajano Louredo[\/vc_column_text][\/vc_column_inner][vc_column_inner width=&#8221;3\/4&#8243;][vc_column_text]Possui gradua\u00e7\u00e3o em Licenciatura plena em matem\u00e1tica pela Universidade Estadual da Para\u00edba (1997), mestrado em Matem\u00e1tica pela Universidade Federal da Para\u00edba (2000) e doutorado em Matem\u00e1tica pela Universidade Federal do Rio de Janeiro (2008). Atualmente \u00e9 professor Associado A da Universidade Estadual da Para\u00edba. Tem experi\u00eancia <a class=\"leiamais\" href=\"https:\/\/pos-graduacao.uepb.edu.br\/profmat\/corpo-docente-doutorado\/\">Leia Mais&#8230;<\/a><\/p>\n","protected":false},"author":34,"featured_media":0,"parent":0,"menu_order":0,"comment_status":"closed","ping_status":"closed","template":"","meta":{"footnotes":""},"class_list":["post-1259","page","type-page","status-publish","hentry"],"_links":{"self":[{"href":"https:\/\/pos-graduacao.uepb.edu.br\/profmat\/wp-json\/wp\/v2\/pages\/1259","targetHints":{"allow":["GET"]}}],"collection":[{"href":"https:\/\/pos-graduacao.uepb.edu.br\/profmat\/wp-json\/wp\/v2\/pages"}],"about":[{"href":"https:\/\/pos-graduacao.uepb.edu.br\/profmat\/wp-json\/wp\/v2\/types\/page"}],"author":[{"embeddable":true,"href":"https:\/\/pos-graduacao.uepb.edu.br\/profmat\/wp-json\/wp\/v2\/users\/34"}],"replies":[{"embeddable":true,"href":"https:\/\/pos-graduacao.uepb.edu.br\/profmat\/wp-json\/wp\/v2\/comments?post=1259"}],"version-history":[{"count":4,"href":"https:\/\/pos-graduacao.uepb.edu.br\/profmat\/wp-json\/wp\/v2\/pages\/1259\/revisions"}],"predecessor-version":[{"id":1269,"href":"https:\/\/pos-graduacao.uepb.edu.br\/profmat\/wp-json\/wp\/v2\/pages\/1259\/revisions\/1269"}],"wp:attachment":[{"href":"https:\/\/pos-graduacao.uepb.edu.br\/profmat\/wp-json\/wp\/v2\/media?parent=1259"}],"curies":[{"name":"wp","href":"https:\/\/api.w.org\/{rel}","templated":true}]}}