{"id":38,"date":"2024-04-30T11:28:09","date_gmt":"2024-04-30T11:28:09","guid":{"rendered":"\/profletras\/?page_id=38"},"modified":"2024-04-30T14:28:26","modified_gmt":"2024-04-30T14:28:26","slug":"corpo-docente","status":"publish","type":"page","link":"https:\/\/pos-graduacao.uepb.edu.br\/profletras\/corpo-docente\/","title":{"rendered":"Corpo Docente"},"content":{"rendered":"<p>O Programa de Mestrado Profissional em Letras (PROFLETRAS) conta com os seguintes professores:<\/p>\n<ul>\n<li>Prof.\u00aa Dr.\u00aa Edilma de Lucena Catanduba<\/li>\n<li>Prof.\u00aa Dr.\u00aa Iara Ferreira de Melo Martins<\/li>\n<li>Prof. Dr. Juarez Nogueira Lins<\/li>\n<li>Prof. Dr. Jos\u00e9 Vilian Mangueira<\/li>\n<li>Prof. Dr. Le\u00f4nidas da Silva Junior<\/li>\n<li>Prof. Dr. Paulo Vinicius \u00c1vila N\u00f3brega<\/li>\n<li>Prof.\u00aa Dr.\u00aa Maria de F\u00e1tima de Souza Aquino<\/li>\n<li>Prof.\u00aa Dr.\u00aa Maria Suely da Costa<\/li>\n<li>Prof.\u00aa Dr.\u00aa Ros\u00e2ngela Neres Ara\u00fajo da Silva<\/li>\n<\/ul>\n<p>&nbsp;<\/p>\n","protected":false},"excerpt":{"rendered":"<p>O Programa de Mestrado Profissional em Letras (PROFLETRAS) conta com os seguintes professores: Prof.\u00aa Dr.\u00aa Edilma de Lucena Catanduba Prof.\u00aa Dr.\u00aa Iara Ferreira de Melo Martins Prof. Dr. Juarez Nogueira Lins Prof. Dr. Jos\u00e9 Vilian Mangueira Prof. Dr. Le\u00f4nidas da Silva Junior Prof. Dr. Paulo Vinicius \u00c1vila N\u00f3brega Prof.\u00aa Dr.\u00aa Maria de F\u00e1tima de Souza <a class=\"leiamais\" href=\"https:\/\/pos-graduacao.uepb.edu.br\/profletras\/corpo-docente\/\">Leia Mais&#8230;<\/a><\/p>\n","protected":false},"author":5,"featured_media":0,"parent":0,"menu_order":0,"comment_status":"open","ping_status":"open","template":"","meta":{"footnotes":""},"class_list":["post-38","page","type-page","status-publish","hentry"],"_links":{"self":[{"href":"https:\/\/pos-graduacao.uepb.edu.br\/profletras\/wp-json\/wp\/v2\/pages\/38","targetHints":{"allow":["GET"]}}],"collection":[{"href":"https:\/\/pos-graduacao.uepb.edu.br\/profletras\/wp-json\/wp\/v2\/pages"}],"about":[{"href":"https:\/\/pos-graduacao.uepb.edu.br\/profletras\/wp-json\/wp\/v2\/types\/page"}],"author":[{"embeddable":true,"href":"https:\/\/pos-graduacao.uepb.edu.br\/profletras\/wp-json\/wp\/v2\/users\/5"}],"replies":[{"embeddable":true,"href":"https:\/\/pos-graduacao.uepb.edu.br\/profletras\/wp-json\/wp\/v2\/comments?post=38"}],"version-history":[{"count":7,"href":"https:\/\/pos-graduacao.uepb.edu.br\/profletras\/wp-json\/wp\/v2\/pages\/38\/revisions"}],"predecessor-version":[{"id":336,"href":"https:\/\/pos-graduacao.uepb.edu.br\/profletras\/wp-json\/wp\/v2\/pages\/38\/revisions\/336"}],"wp:attachment":[{"href":"https:\/\/pos-graduacao.uepb.edu.br\/profletras\/wp-json\/wp\/v2\/media?parent=38"}],"curies":[{"name":"wp","href":"https:\/\/api.w.org\/{rel}","templated":true}]}}