{"id":18,"date":"2014-04-09T18:27:22","date_gmt":"2014-04-09T18:27:22","guid":{"rendered":"\/profletras\/?page_id=18"},"modified":"2014-04-09T18:31:39","modified_gmt":"2014-04-09T18:31:39","slug":"objetivos","status":"publish","type":"page","link":"https:\/\/pos-graduacao.uepb.edu.br\/profletras\/objetivos\/","title":{"rendered":"Objetivos"},"content":{"rendered":"<p>A capacita\u00e7\u00e3o de docentes em n\u00edvel de Mestrado Profissional, como pretende o PROFLETRAS, tem como meta mais ampla:<\/p>\n<p>O empoderamento dos docentes de valor pedag\u00f3gico agregado em linguagem, com vistas ao enriquecimento e \u00e0 efic\u00e1cia em pr\u00e1ticas profissionais, de tal modo que o PROFLETRAS, em n\u00edvel nacional, venha a promover:<\/p>\n<ul>\n<li>o aumento do n\u00edvel de qualidade de ensino dos alunos do Ensino Fundamental, com vistas a efetivar a desejada curva ascendente quanto \u00e0 profici\u00eancia desses alunos no que se refere \u00e0s habilidades de leitura e de escrita;<\/li>\n<li>o decl\u00ednio das atuais taxas de evas\u00e3o dos alunos durante o percurso do Ensino Fundamental na Escola brasileira;<\/li>\n<li>o multiletramento exigido no mundo globalizado com a presen\u00e7a da web pressuposta;<\/li>\n<li>uma atitude pr\u00f3-ativa dos professores em rela\u00e7\u00e3o aos alunos com graus distintos de atipicidade;<\/li>\n<li>o desenvolvimento de pedagogias que efetivem a profici\u00eancia em letramentos, compat\u00edvel aos nove anos cursados durante o Ensino Fundamental.<\/li>\n<\/ul>\n<p>O PROFLETRAS busca, tamb\u00e9m, concretizar os seguintes objetivos:<\/p>\n<ul>\n<li>qualificar os mestrandos\/docentes para desenvolver m\u00faltiplas compet\u00eancias comunicativas dos alunos em ambiente online e off-line;<\/li>\n<li>oferecer subs\u00eddios para a utiliza\u00e7\u00e3o de estrat\u00e9gias de media\u00e7\u00e3o em enquadres distintos em sala de aula;<\/li>\n<li>instrumentalizar os mestrandos\/professores de Ensino Fundamental de maneira que eles passem a bem conduzir classes heterog\u00eaneas, seja do ponto de vista de n\u00edveis de compet\u00eancias lingu\u00edsticas dos alunos, seja no que tange aos quadros de desenvolvimento at\u00edpicos que os alunos apresentem;<\/li>\n<li>indicar os meios adequados para trabalhar diferentes g\u00eaneros discursivos e tipos textuais nas pr\u00e1ticas de ensino e da aprendizagem da escrita, da leitura e da produ\u00e7\u00e3o textual em suportes digitais e n\u00e3o digitais;<\/li>\n<li>direcionar adequadamente os docentes quanto aos modos como lidar com as faces homog\u00eanea e din\u00e2mica da linguagem humana, levando em conta o fato de que as l\u00ednguas naturais s\u00e3o sistemas estruturados e sua variabilidade \u00e9 igualmente sistem\u00e1tica e previs\u00edvel;<\/li>\n<li>salientar as fun\u00e7\u00f5es referenciais e metacognitivas das l\u00ednguas de forma que os docentes saibam trabalhar pe\u00e7as textuais com tra\u00e7os literais e n\u00e3o literais, distinguindo-as assim os planos denotativo e conotativo da linguagem e dos textos;<\/li>\n<li>aprofundar os conhecimentos dos docentes no que se refere aos diversos subsistemas fonol\u00f3gico, morfol\u00f3gico, sint\u00e1tico e sem\u00e2ntico-pragm\u00e1tico da linguagem;<\/li>\n<li>ratificar a import\u00e2ncia pedag\u00f3gica (a) dos processos atinentes aos v\u00e1rios n\u00edveis lingu\u00edsticos, (b) da consci\u00eancia fonol\u00f3gica e auditiva na alfabetiza\u00e7\u00e3o e letramento, bem como (c) do processamento de constru\u00e7\u00f5es morfossint\u00e1ticas em contextos diferenciados com prop\u00f3sitos funcionais distintos;<\/li>\n<li>instrumentalizar os docentes de Ensino Fundamental, a fim de elaborar material did\u00e1tico inovador que lance m\u00e3o, quando conveniente e relevante, de recursos tecnol\u00f3gicos modernos \u00e0 disposi\u00e7\u00e3o.<\/li>\n<\/ul>\n<p>Com esses objetivos em mente e considerando as m\u00faltiplas tend\u00eancias te\u00f3rico-metodol\u00f3gicas e uma perspectiva fortemente transdisciplinar, o PROFLETRAS busca formar professores de L\u00edngua Portuguesa voltados para a inova\u00e7\u00e3o na sala de aula, ao mesmo tempo que, de forma cr\u00edtica e respons\u00e1vel, possam refletir acerca de quest\u00f5es relevantes sobre diferentes usos da linguagem presentes contemporaneamente na sociedade. Esse professor precisar\u00e1 responder aos desafios educacionais do Brasil contempor\u00e2neo, considerando princ\u00edpios fundamentais da constru\u00e7\u00e3o de uma educa\u00e7\u00e3o lingu\u00edstica que vise a pr\u00e1ticas sociais mediadas pela linguagem.<\/p>\n","protected":false},"excerpt":{"rendered":"<p>A capacita\u00e7\u00e3o de docentes em n\u00edvel de Mestrado Profissional, como pretende o PROFLETRAS, tem como meta mais ampla: O empoderamento dos docentes de valor pedag\u00f3gico agregado em linguagem, com vistas ao enriquecimento e \u00e0 efic\u00e1cia em pr\u00e1ticas profissionais, de tal modo que o PROFLETRAS, em n\u00edvel nacional, venha a promover: o aumento do n\u00edvel de <a class=\"leiamais\" href=\"https:\/\/pos-graduacao.uepb.edu.br\/profletras\/objetivos\/\">Leia Mais&#8230;<\/a><\/p>\n","protected":false},"author":5,"featured_media":0,"parent":0,"menu_order":0,"comment_status":"open","ping_status":"open","template":"","meta":{"footnotes":""},"class_list":["post-18","page","type-page","status-publish","hentry"],"_links":{"self":[{"href":"https:\/\/pos-graduacao.uepb.edu.br\/profletras\/wp-json\/wp\/v2\/pages\/18","targetHints":{"allow":["GET"]}}],"collection":[{"href":"https:\/\/pos-graduacao.uepb.edu.br\/profletras\/wp-json\/wp\/v2\/pages"}],"about":[{"href":"https:\/\/pos-graduacao.uepb.edu.br\/profletras\/wp-json\/wp\/v2\/types\/page"}],"author":[{"embeddable":true,"href":"https:\/\/pos-graduacao.uepb.edu.br\/profletras\/wp-json\/wp\/v2\/users\/5"}],"replies":[{"embeddable":true,"href":"https:\/\/pos-graduacao.uepb.edu.br\/profletras\/wp-json\/wp\/v2\/comments?post=18"}],"version-history":[{"count":3,"href":"https:\/\/pos-graduacao.uepb.edu.br\/profletras\/wp-json\/wp\/v2\/pages\/18\/revisions"}],"predecessor-version":[{"id":21,"href":"https:\/\/pos-graduacao.uepb.edu.br\/profletras\/wp-json\/wp\/v2\/pages\/18\/revisions\/21"}],"wp:attachment":[{"href":"https:\/\/pos-graduacao.uepb.edu.br\/profletras\/wp-json\/wp\/v2\/media?parent=18"}],"curies":[{"name":"wp","href":"https:\/\/api.w.org\/{rel}","templated":true}]}}