{"id":912,"date":"2025-09-04T16:30:27","date_gmt":"2025-09-04T19:30:27","guid":{"rendered":"https:\/\/pos-graduacao.uepb.edu.br\/profei\/?page_id=912"},"modified":"2025-10-17T11:44:24","modified_gmt":"2025-10-17T14:44:24","slug":"docentes-por-linha-de-pesquisa","status":"publish","type":"page","link":"https:\/\/pos-graduacao.uepb.edu.br\/profei\/docentes-por-linha-de-pesquisa\/","title":{"rendered":"Docentes &#8211; por linha de pesquisa"},"content":{"rendered":"<div class=\"wpb-content-wrapper\"><p>[vc_row][vc_column][vc_column_text]O Programa de P\u00f3s-Gradua\u00e7\u00e3o em Educa\u00e7\u00e3o Inclusiva conta com os seguintes professores em seu corpo docente:[\/vc_column_text][vc_tta_accordion title_tag=&#8221;h3&#8243; section_title_tag=&#8221;h2&#8243; style=&#8221;modern&#8221; c_icon=&#8221;triangle&#8221; active_section=&#8221;&#8221; collapsible_all=&#8221;true&#8221;][vc_tta_section title=&#8221;Aline dos Santos de Maman&#8221; tab_id=&#8221;1716381350773-b36f0cc9-a7a2&#8243;][vc_column_text css=&#8221;&#8221;]<strong>Curr\u00edculo Lattes:<\/strong> <a href=\"http:\/\/lattes.cnpq.br\/3433929242064333\">http:\/\/lattes.cnpq.br\/3433929242064333<\/a><\/p>\n<p><strong>E-mail: <a href=\"alinedemaman@servidor.uepb.edu.br\">alinedemaman@servidor.uepb.edu.br<\/a><\/strong><\/p>\n<p><strong>Linha(s) de Pesquisa\u00a0<\/strong><\/p>\n<ul>\n<li>I &#8211; Educa\u00e7\u00e3o Especial na Perspectiva da Educa\u00e7\u00e3o Inclusiva<\/li>\n<\/ul>\n<p>[\/vc_column_text][\/vc_tta_section][vc_tta_section title=&#8221;Ana L\u00facia Vendel&#8221; tab_id=&#8221;1716381444346-49e92304-8c3e&#8221;][vc_column_text css=&#8221;&#8221;]<\/p>\n<div id=\"ui-id-3\" class=\"wp-tab-content ui-accordion-content ui-corner-bottom ui-helper-reset ui-widget-content ui-accordion-content-active\" role=\"tabpanel\" aria-labelledby=\"Antonio Carlos de Melo Magalh\u00e3es\" aria-hidden=\"false\">\n<div class=\"wp-tab-content-wrapper\">\n<p><strong>Curr\u00edculo Lattes:<\/strong> <a href=\"http:\/\/lattes.cnpq.br\/8037429773999159\">http:\/\/lattes.cnpq.br\/8037429773999159<\/a><\/p>\n<p><strong>E-mail:<\/strong> <a href=\"analuciavendel@servidor.uepb.edu.br\">analuciavendel@servidor.uepb.edu.br<\/a><\/p>\n<p><strong>Linha(s) de Pesquisa<\/strong><\/p>\n<ul>\n<li>III &#8211; Pr\u00e1ticas e Processos Formativos de Educadores para Educa\u00e7\u00e3o Inclusiva<\/li>\n<\/ul>\n<\/div>\n<\/div>\n<p>[\/vc_column_text][\/vc_tta_section][vc_tta_section title=&#8221;Christiano Cordeiro Soares&#8221; tab_id=&#8221;1716381350793-c861f7b1-a31b&#8221;][vc_column_text css=&#8221;&#8221;]<strong>Curr\u00edculo Lattes:<\/strong> <a href=\"http:\/\/lattes.cnpq.br\/8316445522369558\">http:\/\/lattes.cnpq.br\/8316445522369558<\/a><\/p>\n<p><strong>E-mail:<\/strong> <a href=\"mailto:christiano.soares@servidor.uepb.edu.br\">christiano.soares@servidor.uepb.edu.br<\/a><\/p>\n<p><strong>Linha(s) de Pesquisa\u00a0<\/strong><\/p>\n<ul>\n<li>II &#8211; Inova\u00e7\u00e3o Tecnol\u00f3gica e Tecnologia Assistiva<\/li>\n<\/ul>\n<p>[\/vc_column_text][\/vc_tta_section][vc_tta_section title=&#8221;Cristina Miyuki Hashizume&#8221; tab_id=&#8221;1716381462501-4318fa6b-8bcb&#8221;][vc_column_text css=&#8221;&#8221;]<\/p>\n<div id=\"ui-id-4\" class=\"wp-tab-content ui-accordion-content ui-corner-bottom ui-helper-reset ui-widget-content ui-accordion-content-active\" role=\"tabpanel\" aria-labelledby=\"Auric\u00e9lio Soares Fernandes\" aria-hidden=\"false\">\n<div class=\"wp-tab-content-wrapper\">\n<p><strong>Curr\u00edculo Lattes:<\/strong> <a href=\"http:\/\/lattes.cnpq.br\/2593620066613335\">http:\/\/lattes.cnpq.br\/2593620066613335<\/a><\/p>\n<p><strong>E-mail:<\/strong>\u00a0<a href=\"cristina.mhashizume@servidor.uepb.edu.br\">cristina.mhashizume@servidor.uepb.edu.br<\/a><\/p>\n<p><strong>Linha(s) de Pesquisa<\/strong><\/p>\n<ul>\n<li>II &#8211; Inova\u00e7\u00e3o Tecnol\u00f3gica e Tecnologia Assistiva<\/li>\n<\/ul>\n<\/div>\n<\/div>\n<p>[\/vc_column_text][\/vc_tta_section][vc_tta_section title=&#8221;Diana Sampaio Braga&#8221; tab_id=&#8221;1716381469056-33beb09e-b1b1&#8243;][vc_column_text css=&#8221;&#8221;]<strong>Curr\u00edculo Lattes:<\/strong><a href=\"http:\/\/lattes.cnpq.br\/3034892035855049\">\u00a0http:\/\/lattes.cnpq.br\/3034892035855049<\/a><\/p>\n<p><strong>E-mail:<\/strong> <a href=\"diana@servidor.uepb.edu.br\">diana@servidor.uepb.edu.br<\/a><\/p>\n<p><strong>Linha(s) de Pesquisa<\/strong><\/p>\n<ul>\n<li>I &#8211; Educa\u00e7\u00e3o Especial na Perspectiva da Educa\u00e7\u00e3o Inclusiva<\/li>\n<\/ul>\n<p>[\/vc_column_text][\/vc_tta_section][vc_tta_section title=&#8221;Eduardo Gomes Onofre&#8221; tab_id=&#8221;1716381520201-c966d10a-6b8e&#8221;][vc_column_text css=&#8221;&#8221;]<\/p>\n<div id=\"ui-id-6\" class=\"wp-tab-content ui-accordion-content ui-corner-bottom ui-helper-reset ui-widget-content ui-accordion-content-active\" role=\"tabpanel\" aria-labelledby=\"Eli Brand\u00e3o da Silva\" aria-hidden=\"false\">\n<div class=\"wp-tab-content-wrapper\">\n<p><strong>Curr\u00edculo Lattes:<\/strong>\u00a0<a href=\"http:\/\/lattes.cnpq.br\/5339741056906369\">http:\/\/lattes.cnpq.br\/5339741056906369<\/a><\/p>\n<p><strong>E-mail:<\/strong> <a href=\"mailto:eonofre@servidor.uepb.edu.br\">eonofre@servidor.uepb.edu.br<\/a><\/p>\n<p><strong>Linha(s) de Pesquisa<\/strong><\/p>\n<ul>\n<li>I &#8211; Educa\u00e7\u00e3o Especial na Perspectiva da Educa\u00e7\u00e3o Inclusiva<\/li>\n<\/ul>\n<\/div>\n<\/div>\n<p>[\/vc_column_text][\/vc_tta_section][vc_tta_section title=&#8221;Josandra Ara\u00fajo Barreto de Melo&#8221; tab_id=&#8221;1738675925261-7ac44fea-70dc&#8221;][vc_column_text css=&#8221;&#8221;]<strong>Lattes: <a href=\"http:\/\/lattes.cnpq.br\/2967291086716903\">http:\/\/lattes.cnpq.br\/2967291086716903<\/a><\/strong><\/p>\n<p><strong>E-mail: <a href=\"josandraaraujobarretodemelo@servidor.uepb.edu.br\">josandraaraujobarretodemelo@servidor.uepb.edu.br<\/a><\/strong><\/p>\n<p><strong>Linha(s) de pesquisa:<\/strong><\/p>\n<ul>\n<li><span style=\"font-weight: 400\">I &#8211; Inova\u00e7\u00e3o Tecnol\u00f3gica e Tecnologia Assisti<\/span><\/li>\n<\/ul>\n<p>[\/vc_column_text][\/vc_tta_section][vc_tta_section title=&#8221;Liv\u00e2nia Beltr\u00e3o Tavares&#8221; tab_id=&#8221;1716381544670-6ae4469f-a9f6&#8243;][vc_column_text css=&#8221;&#8221;]<strong>Curr\u00edculo Lattes<\/strong>: <a href=\"http:\/\/lattes.cnpq.br\/6461492950394343\">http:\/\/lattes.cnpq.br\/6461492950394343<\/a><\/p>\n<p><strong>E-mail: <a href=\"livania@servidor.uepb.edu.br\">livania@servidor.uepb.edu.br<\/a><\/strong><\/p>\n<p><strong>Linha(s) de Pesquisa<\/strong><\/p>\n<ul>\n<li><span style=\"font-weight: 400\">I &#8211; Educa\u00e7\u00e3o Especial na Perspectiva da Educa\u00e7\u00e3o Inclusiva<\/span><\/li>\n<\/ul>\n<p>[\/vc_column_text][\/vc_tta_section][vc_tta_section title=&#8221;Maria L\u00facia Serafim&#8221; tab_id=&#8221;1716381568812-eb867b90-4de2&#8243;][vc_column_text css=&#8221;&#8221;]<\/p>\n<div id=\"ui-id-9\" class=\"wp-tab-content ui-accordion-content ui-corner-bottom ui-helper-reset ui-widget-content ui-accordion-content-active\" role=\"tabpanel\" aria-labelledby=\"Linduarte Pereira Rodrigues\" aria-hidden=\"false\">\n<div class=\"wp-tab-content-wrapper\">\n<p><strong>Curr\u00edculo Lattes<\/strong>: <a href=\"http:\/\/lattes.cnpq.br\/5984466781472890\">http:\/\/lattes.cnpq.br\/5984466781472890<\/a><\/p>\n<p><strong>E-mail<\/strong>: <strong><a href=\"maluserafim@servidor.uepb.edu.br\"><u>maluserafim@servidor.uepb.edu.br<\/u><\/a><\/strong><\/p>\n<p><strong>Linha(s) de Pesquisa<\/strong><\/p>\n<ul>\n<li><span style=\"font-weight: 400\">II &#8211; Inova\u00e7\u00e3o Tecnol\u00f3gica e Tecnologia Assistiva<\/span><\/li>\n<\/ul>\n<\/div>\n<\/div>\n<p>[\/vc_column_text][\/vc_tta_section][vc_tta_section title=&#8221;Maria Jos\u00e9 Guerra&#8221; tab_id=&#8221;1716381569767-baf02c56-67a7&#8243;][vc_column_text css=&#8221;&#8221;]<strong>Curr\u00edculo Lattes<\/strong>: <a href=\"http:\/\/lattes.cnpq.br\/3318505161162217\">http:\/\/lattes.cnpq.br\/3318505161162217<\/a><\/p>\n<p><strong>E-mail<\/strong>: <strong><a href=\"m.guerra@servidor.uepb.edu.br\">m.guerra@servidor.uepb.edu.br<\/a><\/strong><\/p>\n<p><strong>Linha(s) de Pesquisa<\/strong><\/p>\n<ul>\n<li><span style=\"font-weight: 400\">III &#8211; Educa\u00e7\u00e3o Especial na Perspectiva da Educa\u00e7\u00e3o Inclusiva<\/span><\/li>\n<\/ul>\n<p>[\/vc_column_text][\/vc_tta_section][vc_tta_section title=&#8221;Maria do Ros\u00e1rio Gomes Germano Maciel&#8221; tab_id=&#8221;1716381570583-4a036fbf-3f03&#8243;][vc_column_text css=&#8221;&#8221;]<b>Curr\u00edculo Lattes<\/b>: <a href=\"http:\/\/lattes.cnpq.br\/5313792299997524\">http:\/\/lattes.cnpq.br\/5313792299997524<\/a><\/p>\n<p><b>E-mail: <a href=\"rosario21germano@servidor.uepb.edu.br\">rosario21germano@servidor.uepb.edu.br<\/a><\/b><\/p>\n<p><strong>Linha(s) de Pesquisa:<\/strong><\/p>\n<ul>\n<li><span style=\"font-weight: 400\">II &#8211; Inova\u00e7\u00e3o Tecnol\u00f3gica e Tecnologia Assistiva<\/span><\/li>\n<\/ul>\n<p>[\/vc_column_text][\/vc_tta_section][vc_tta_section title=&#8221;Paula Almeida de Castro&#8221; tab_id=&#8221;1738676243663-db1f18a4-cb45&#8243;][vc_column_text css=&#8221;&#8221;]<strong>Lattes: <\/strong> <a href=\"http:\/\/lattes.cnpq.br\/7813446738576212\">http:\/\/lattes.cnpq.br\/7813446738576212<\/a><\/p>\n<p><strong>E-mail: <a href=\"paulacastro@servidor.uepb.edu.br\">paulacastro@servidor.uepb.edu.br<\/a><\/strong><\/p>\n<p><strong>Linha(s) de Pesquisa:<\/strong><\/p>\n<ul>\n<li>III &#8211; Pr\u00e1ticas e Processos Formativos de Educadores para Educa\u00e7\u00e3o Inclusiva<\/li>\n<\/ul>\n<p>[\/vc_column_text][\/vc_tta_section][vc_tta_section title=&#8221;Rafael Ferreira de Souza Honorato&#8221; tab_id=&#8221;1716381571349-937a59ce-afa5&#8243;][vc_column_text css=&#8221;&#8221;]<strong>Lattes: <a href=\"http:\/\/lattes.cnpq.br\/0019294625125073\">http:\/\/lattes.cnpq.br\/0019294625125073<\/a><\/strong><\/p>\n<p><strong>E-mail<\/strong>: <strong><a href=\"rafaelhonorato@servidor.uepb.edu.br\">rafaelhonorato@servidor.uepb.edu.br<\/a><\/strong><\/p>\n<p><strong>Linha(s) de pesquisa<\/strong>:<\/p>\n<ul>\n<li>III &#8211; Pr\u00e1ticas e Processos Formativos de Educadores para Educa\u00e7\u00e3o Inclusiva<\/li>\n<\/ul>\n<p>[\/vc_column_text][\/vc_tta_section][vc_tta_section title=&#8221;Rosemary Alves de Melo&#8221; tab_id=&#8221;1757013268084-fa4206f7-23c2&#8243;][vc_column_text css=&#8221;&#8221;]<strong>Curr\u00edculo Lattes:<\/strong>\u00a0<a href=\"http:\/\/lattes.cnpq.br\/0710411625071953\" target=\"_blank\" rel=\"noopener\">http:\/\/lattes.cnpq.br\/1110267130576680<\/a><\/p>\n<p><strong>E-mail:<\/strong> <a href=\"rosymelo@servidor.uepb.edu.br\">rosymelo@servidor.uepb.edu.br<\/a><\/p>\n<p><strong>Linha(s) de Pesquisa<\/strong><\/p>\n<ul>\n<li><span style=\"font-weight: 400\">I &#8211; Educa\u00e7\u00e3o Especial na Perspectiva da Educa\u00e7\u00e3o Inclusiva<\/span><\/li>\n<\/ul>\n<p>[\/vc_column_text][\/vc_tta_section][vc_tta_section title=&#8221;Tatiana Cristina Vasconcelos&#8221; tab_id=&#8221;1716381572013-4c790399-f1cf&#8221;][vc_column_text css=&#8221;&#8221;]<strong>Curr\u00edculo Lattes:<\/strong>\u00a0<a href=\"http:\/\/lattes.cnpq.br\/2042671665043024\" target=\"_blank\" rel=\"noopener\">http:\/\/lattes.cnpq.br\/1110267130576680<\/a><\/p>\n<p><strong>E-mail:<\/strong> <a href=\"tatianavasconcelos@servidor.uepb.edu.br\">tatianavasconcelos@servidor.uepb.edu.br<\/a><\/p>\n<p><strong>Linha(s) de Pesquisa<\/strong><\/p>\n<ul>\n<li><span style=\"font-weight: 400\">III &#8211; Pr\u00e1ticas e Processos Formativos de Educadores para Educa\u00e7\u00e3o Inclusiva<\/span><\/li>\n<\/ul>\n<p>[\/vc_column_text][\/vc_tta_section][\/vc_tta_accordion][\/vc_column][\/vc_row]<\/p>\n<\/div>","protected":false},"excerpt":{"rendered":"<p>[vc_row][vc_column][vc_column_text]O Programa de P\u00f3s-Gradua\u00e7\u00e3o em Educa\u00e7\u00e3o Inclusiva conta com os seguintes professores em seu corpo docente:[\/vc_column_text][vc_tta_accordion title_tag=&#8221;h3&#8243; section_title_tag=&#8221;h2&#8243; style=&#8221;modern&#8221; c_icon=&#8221;triangle&#8221; active_section=&#8221;&#8221; collapsible_all=&#8221;true&#8221;][vc_tta_section title=&#8221;Aline dos Santos de Maman&#8221; tab_id=&#8221;1716381350773-b36f0cc9-a7a2&#8243;][vc_column_text css=&#8221;&#8221;]Curr\u00edculo Lattes: http:\/\/lattes.cnpq.br\/3433929242064333 E-mail: alinedemaman@servidor.uepb.edu.br Linha(s) de Pesquisa\u00a0 I &#8211; Educa\u00e7\u00e3o Especial na Perspectiva da Educa\u00e7\u00e3o Inclusiva [\/vc_column_text][\/vc_tta_section][vc_tta_section title=&#8221;Ana L\u00facia Vendel&#8221; tab_id=&#8221;1716381444346-49e92304-8c3e&#8221;][vc_column_text css=&#8221;&#8221;] Curr\u00edculo Lattes: http:\/\/lattes.cnpq.br\/8037429773999159 E-mail: <a class=\"leiamais\" href=\"https:\/\/pos-graduacao.uepb.edu.br\/profei\/docentes-por-linha-de-pesquisa\/\">Leia Mais&#8230;<\/a><\/p>\n","protected":false},"author":80,"featured_media":0,"parent":0,"menu_order":0,"comment_status":"closed","ping_status":"closed","template":"","meta":{"footnotes":""},"class_list":["post-912","page","type-page","status-publish","hentry"],"_links":{"self":[{"href":"https:\/\/pos-graduacao.uepb.edu.br\/profei\/wp-json\/wp\/v2\/pages\/912","targetHints":{"allow":["GET"]}}],"collection":[{"href":"https:\/\/pos-graduacao.uepb.edu.br\/profei\/wp-json\/wp\/v2\/pages"}],"about":[{"href":"https:\/\/pos-graduacao.uepb.edu.br\/profei\/wp-json\/wp\/v2\/types\/page"}],"author":[{"embeddable":true,"href":"https:\/\/pos-graduacao.uepb.edu.br\/profei\/wp-json\/wp\/v2\/users\/80"}],"replies":[{"embeddable":true,"href":"https:\/\/pos-graduacao.uepb.edu.br\/profei\/wp-json\/wp\/v2\/comments?post=912"}],"version-history":[{"count":18,"href":"https:\/\/pos-graduacao.uepb.edu.br\/profei\/wp-json\/wp\/v2\/pages\/912\/revisions"}],"predecessor-version":[{"id":1061,"href":"https:\/\/pos-graduacao.uepb.edu.br\/profei\/wp-json\/wp\/v2\/pages\/912\/revisions\/1061"}],"wp:attachment":[{"href":"https:\/\/pos-graduacao.uepb.edu.br\/profei\/wp-json\/wp\/v2\/media?parent=912"}],"curies":[{"name":"wp","href":"https:\/\/api.w.org\/{rel}","templated":true}]}}