{"id":777,"date":"2025-05-22T11:43:27","date_gmt":"2025-05-22T14:43:27","guid":{"rendered":"https:\/\/pos-graduacao.uepb.edu.br\/profei\/?page_id=777"},"modified":"2025-10-09T10:49:38","modified_gmt":"2025-10-09T13:49:38","slug":"egressos","status":"publish","type":"page","link":"https:\/\/pos-graduacao.uepb.edu.br\/profei\/egressos\/","title":{"rendered":"Egressos"},"content":{"rendered":"<div class=\"wpb-content-wrapper\">[vc_row][vc_column][vc_text_separator title=&#8221;Turma 2022&#8243; css=&#8221;&#8221;][\/vc_column][\/vc_row][vc_row][vc_column][vc_column_text css=&#8221;&#8221;]\r\n<pre>Amanda Ferreira Barbosa\r\n\r\nElijane da Rocha Bezerra\r\n\r\nJ\u00e9ssica Maria Dornelas de Souza Marques\r\n\r\nKaline Oliveira Labas\r\n\r\nK\u00e1tia Cilene Lopes dos Santos\r\n\r\nMois\u00e9s Horus Andrade Sousa\r\n\r\nRodiney Marcelo Braga dos Santos\r\n\r\nSinara Pimentel Andrade da Roch<\/pre>\r\n[\/vc_column_text][\/vc_column][\/vc_row][vc_row][vc_column][vc_text_separator title=&#8221;Turma 2023&#8243; css=&#8221;&#8221;][vc_column_text css=&#8221;&#8221;]\r\n<pre>Aline Francisca de Alencar Montenegro Leal\r\n\r\nClaudiana Ribeiro de Oliveira\r\n\r\nFranklin Herminio Barbosa\r\n\r\nG\u00e9cica Coelho do Nascimento Oliveira\r\n\r\nIrinaldo Caetano Marques\r\n\r\nJocilene Alves Barbosa\r\n\r\nMaria de Fatima Alves da Silva Ant\u00e3o\r\n\r\nRosangela Garcia Pessoa<\/pre>\r\n[\/vc_column_text][\/vc_column][\/vc_row]<!-- \/wp:post-content --><\/div>","protected":false},"excerpt":{"rendered":"<p>[vc_row][vc_column][vc_text_separator title=&#8221;Turma 2022&#8243; css=&#8221;&#8221;][\/vc_column][\/vc_row][vc_row][vc_column][vc_column_text css=&#8221;&#8221;] Amanda Ferreira Barbosa Elijane da Rocha Bezerra J\u00e9ssica Maria Dornelas de Souza Marques Kaline Oliveira Labas K\u00e1tia Cilene Lopes dos Santos Mois\u00e9s Horus Andrade Sousa Rodiney Marcelo Braga dos Santos Sinara Pimentel Andrade da Roch [\/vc_column_text][\/vc_column][\/vc_row][vc_row][vc_column][vc_text_separator title=&#8221;Turma 2023&#8243; css=&#8221;&#8221;][vc_column_text css=&#8221;&#8221;] Aline Francisca de Alencar Montenegro Leal Claudiana Ribeiro de Oliveira <a class=\"leiamais\" href=\"https:\/\/pos-graduacao.uepb.edu.br\/profei\/egressos\/\">Leia Mais&#8230;<\/a><\/p>\n","protected":false},"author":80,"featured_media":0,"parent":0,"menu_order":0,"comment_status":"closed","ping_status":"closed","template":"","meta":{"footnotes":""},"class_list":["post-777","page","type-page","status-publish","hentry"],"_links":{"self":[{"href":"https:\/\/pos-graduacao.uepb.edu.br\/profei\/wp-json\/wp\/v2\/pages\/777","targetHints":{"allow":["GET"]}}],"collection":[{"href":"https:\/\/pos-graduacao.uepb.edu.br\/profei\/wp-json\/wp\/v2\/pages"}],"about":[{"href":"https:\/\/pos-graduacao.uepb.edu.br\/profei\/wp-json\/wp\/v2\/types\/page"}],"author":[{"embeddable":true,"href":"https:\/\/pos-graduacao.uepb.edu.br\/profei\/wp-json\/wp\/v2\/users\/80"}],"replies":[{"embeddable":true,"href":"https:\/\/pos-graduacao.uepb.edu.br\/profei\/wp-json\/wp\/v2\/comments?post=777"}],"version-history":[{"count":9,"href":"https:\/\/pos-graduacao.uepb.edu.br\/profei\/wp-json\/wp\/v2\/pages\/777\/revisions"}],"predecessor-version":[{"id":906,"href":"https:\/\/pos-graduacao.uepb.edu.br\/profei\/wp-json\/wp\/v2\/pages\/777\/revisions\/906"}],"wp:attachment":[{"href":"https:\/\/pos-graduacao.uepb.edu.br\/profei\/wp-json\/wp\/v2\/media?parent=777"}],"curies":[{"name":"wp","href":"https:\/\/api.w.org\/{rel}","templated":true}]}}