{"id":19,"date":"2012-01-20T14:16:01","date_gmt":"2012-01-20T14:16:01","guid":{"rendered":"http:\/\/pos-graduacao.ascom.uepb.edu.br\/ppgri\/?page_id=19"},"modified":"2026-03-30T14:57:55","modified_gmt":"2026-03-30T14:57:55","slug":"disciplinas","status":"publish","type":"page","link":"https:\/\/pos-graduacao.uepb.edu.br\/ppgri\/disciplinas\/","title":{"rendered":"Disciplinas"},"content":{"rendered":"<div class=\"wpb-content-wrapper\"><p>[vc_row][vc_column][vc_tta_tour][vc_tta_section title=&#8221;Disciplinas Obrigat\u00f3rias&#8221; tab_id=&#8221;1708089537165-39b7d2c9-32c3&#8243;][vc_column_text css=&#8221;&#8221;]\n<table id=\"tablepress-1\" class=\"tablepress tablepress-id-1\">\n<thead>\n<tr class=\"row-1\">\n\t<th class=\"column-1\">Disciplinas obrigat\u00f3rias<\/th><th class=\"column-2\">Carga Hor\u00e1ria<\/th><th class=\"column-3\">Cr\u00e9ditos<\/th>\n<\/tr>\n<\/thead>\n<tbody class=\"row-striping row-hover\">\n<tr class=\"row-2\">\n\t<td class=\"column-1\">Teoria das Rela\u00e7\u00f5es Internacionais I<\/td><td class=\"column-2\">60 h\/aula<\/td><td class=\"column-3\">04<\/td>\n<\/tr>\n<tr class=\"row-3\">\n\t<td class=\"column-1\">Teoria das Rela\u00e7\u00f5es Internacionais II<\/td><td class=\"column-2\">60 h\/aula<\/td><td class=\"column-3\">04<\/td>\n<\/tr>\n<tr class=\"row-4\">\n\t<td class=\"column-1\">Metodologia da Pesquisa em Rela\u00e7\u00f5es Internacionais<\/td><td class=\"column-2\">60 h\/aula<\/td><td class=\"column-3\">02<br \/>\n<\/td>\n<\/tr>\n<tr class=\"row-5\">\n\t<td class=\"column-1\">Semin\u00e1rio de Pesquisa em Rela\u00e7\u00f5es Internacionais<\/td><td class=\"column-2\">30 h\/aula<\/td><td class=\"column-3\">02<br \/>\r\n<\/td>\n<\/tr>\n<tr class=\"row-6\">\n\t<td class=\"column-1\">Est\u00e1gio Doc\u00eancia<\/td><td class=\"column-2\">30 h\/aula<\/td><td class=\"column-3\">02<\/td>\n<\/tr>\n<\/tbody>\n<\/table>\n<!-- #tablepress-1 from cache -->[\/vc_column_text][\/vc_tta_section][vc_tta_section title=&#8221;Disciplinas Optativas&#8221; tab_id=&#8221;1708089668865-cf2c85ad-fa7d&#8221;][vc_column_text css=&#8221;&#8221;]\n<table id=\"tablepress-2\" class=\"tablepress tablepress-id-2\">\n<thead>\n<tr class=\"row-1\">\n\t<th class=\"column-1\">Disciplinas optativas<\/th><th class=\"column-2\">Carga Hor\u00e1ria<\/th><th class=\"column-3\">Cr\u00e9ditos<\/th>\n<\/tr>\n<\/thead>\n<tbody class=\"row-striping row-hover\">\n<tr class=\"row-2\">\n\t<td class=\"column-1\">Processo de Integra\u00e7\u00e3o Regional<\/td><td class=\"column-2\">60h\/aula<\/td><td class=\"column-3\">4<\/td>\n<\/tr>\n<tr class=\"row-3\">\n\t<td class=\"column-1\">Seguran\u00e7a Internacional<\/td><td class=\"column-2\">60h\/aula<\/td><td class=\"column-3\">4<\/td>\n<\/tr>\n<tr class=\"row-4\">\n\t<td class=\"column-1\">Hist\u00f3ria das Rela\u00e7\u00f5es Internacionais<\/td><td class=\"column-2\">60 h\/aula<\/td><td class=\"column-3\">4<\/td>\n<\/tr>\n<tr class=\"row-5\">\n\t<td class=\"column-1\">Organiza\u00e7\u00f5es Internacionais<\/td><td class=\"column-2\">60 h\/aula<\/td><td class=\"column-3\">4<\/td>\n<\/tr>\n<tr class=\"row-6\">\n\t<td class=\"column-1\">Rela\u00e7\u00f5es Internacionais Contempor\u00e2neas<\/td><td class=\"column-2\">60 h\/aula<\/td><td class=\"column-3\">4<\/td>\n<\/tr>\n<tr class=\"row-7\">\n\t<td class=\"column-1\">Economia Pol\u00edtica Internacional<\/td><td class=\"column-2\">60 h\/aula<\/td><td class=\"column-3\">4<\/td>\n<\/tr>\n<tr class=\"row-8\">\n\t<td class=\"column-1\">Com\u00e9rcio Internacional<\/td><td class=\"column-2\">60 h\/aula<\/td><td class=\"column-3\">4<\/td>\n<\/tr>\n<tr class=\"row-9\">\n\t<td class=\"column-1\">Sistema Financeiro Internacional<\/td><td class=\"column-2\">60 h\/aula<\/td><td class=\"column-3\">4<\/td>\n<\/tr>\n<tr class=\"row-10\">\n\t<td class=\"column-1\">T\u00f3picos Especiais em Novos Temas em Rela\u00e7\u00f5es Internacionais<\/td><td class=\"column-2\">60 h\/aula<\/td><td class=\"column-3\">4<\/td>\n<\/tr>\n<tr class=\"row-11\">\n\t<td class=\"column-1\">T\u00f3picos Especiais sobre Processos de Integra\u00e7\u00e3o Regional<\/td><td class=\"column-2\">60 h\/aula<\/td><td class=\"column-3\">4<\/td>\n<\/tr>\n<tr class=\"row-12\">\n\t<td class=\"column-1\">T\u00f3picos Especiais em Quest\u00f5es de Seguran\u00e7a Internacional<\/td><td class=\"column-2\">60 h\/aula<\/td><td class=\"column-3\">4<\/td>\n<\/tr>\n<tr class=\"row-13\">\n\t<td class=\"column-1\">T\u00f3picos Especiais em Pol\u00edtica Externa<\/td><td class=\"column-2\">60 h\/aula<\/td><td class=\"column-3\">4<\/td>\n<\/tr>\n<tr class=\"row-14\">\n\t<td class=\"column-1\">T\u00f3picos Especiais em Teoria das Rela\u00e7\u00f5es Internacionais<\/td><td class=\"column-2\">60 h\/aula<\/td><td class=\"column-3\">4<\/td>\n<\/tr>\n<\/tbody>\n<\/table>\n<!-- #tablepress-2 from cache -->[\/vc_column_text][\/vc_tta_section][vc_tta_section title=&#8221;Oferta 2026.1&#8243; tab_id=&#8221;1738580644297-2a3b77a8-5cbe&#8221;][vc_column_text css=&#8221;&#8221;]\n<table id=\"tablepress-3\" class=\"tablepress tablepress-id-3\">\n<thead>\n<tr class=\"row-1\">\n\t<th class=\"column-1\"><br \/>\nDisciplinas obrigat\u00f3rias<\/th><th class=\"column-2\">Docente<\/th><th class=\"column-3\">Hor\u00e1rio<\/th>\n<\/tr>\n<\/thead>\n<tbody class=\"row-striping row-hover\">\n<tr class=\"row-2\">\n\t<td class=\"column-1\"><a href=\"https:\/\/pos-graduacao.uepb.edu.br\/ppgri\/download\/ementa-thalita-e-monica\/?wpdmdl=4532&#038;masterkey=OY1fOX2kBPClaiRMnzVn8dOpP9dI7nYYVhWB-ikhG4UL8eG_3KgS_qtjUNZU-o0lhs1HgoYUfAI42JCmLGyIgtHmYwmpSEA1wEcpvMMtbNUg\">Metodologia da Pesquisa em Rela\u00e7\u00f5es Internacionais<\/a><\/td><td class=\"column-2\">M\u00f4nica e Thalita<\/td><td class=\"column-3\">3\u00aa \u2013 8h \u00e0s 12h<\/td>\n<\/tr>\n<tr class=\"row-3\">\n\t<td class=\"column-1\"><a href=\"https:\/\/pos-graduacao.uepb.edu.br\/ppgri\/download\/ementa-teoria-das-relacoes-internacionais-i\/?wpdmdl=4570&#038;masterkey=OdkvfcSjdqpEnl_JgcmgiopXHiDUP0Wlqxw8r1y46_OgB1xIzU1b5-ICdnxuVYtpFbQyY4e61ByDkY3oLRFDOTNKwcekGr6ioy1uFiAgZMqA\">Teoria das Rela\u00e7\u00f5es Internacionais I<\/a><\/td><td class=\"column-2\">Cristina<\/td><td class=\"column-3\">3\u00aa \u2013 14h \u00e0s 18h<\/td>\n<\/tr>\n<tr class=\"row-4\">\n\t<td class=\"column-1\"><a href=\"https:\/\/pos-graduacao.uepb.edu.br\/ppgri\/download\/ementa-e-plano-de-aula-de-seminario-de-pesquisa-internacionais-2026-1\/?wpdmdl=4567&#038;masterkey=Ob0DP66N6dtEVGm0V0a3h0I5JdVsQ7sNsnKLLno3-ZPRjSSVp4Epr8zX5IVfZsKItU1JHHD_nX2ICgsiruwl4lG50og6at-F2NcJ3HeeHB1o\">Semin\u00e1rio de Pesquisa Internacionais<\/a><\/td><td class=\"column-2\">Filipe e Carlos<\/td><td class=\"column-3\">5\u00aa \u2013 9h \u00e0s 12h<\/td>\n<\/tr>\n<\/tbody>\n<\/table>\n<!-- #tablepress-3 from cache --><\/p>\n<p>\n<table id=\"tablepress-4\" class=\"tablepress tablepress-id-4\">\n<thead>\n<tr class=\"row-1\">\n\t<th class=\"column-1\">Disciplinas optativas<\/th><th class=\"column-2\">Docente<\/th><th class=\"column-3\">Hor\u00e1rio<\/th>\n<\/tr>\n<\/thead>\n<tbody class=\"row-striping row-hover\">\n<tr class=\"row-2\">\n\t<td class=\"column-1\">T\u00f3picos especiais em novos temas em Rela\u00e7\u00f5es Internacionais - <br \/>\nDiplomacia e M\u00eddia em Rela\u00e7\u00f5es Internacionais<\/td><td class=\"column-2\">Giuliana e Silvia<\/td><td class=\"column-3\">\u00a04\u00aa \u2013 8h \u00e0s 12h<\/td>\n<\/tr>\n<tr class=\"row-3\">\n\t<td class=\"column-1\"><a href=\"https:\/\/pos-graduacao.uepb.edu.br\/ppgri\/download\/ementa-da-disciplina-topicos-especiais-em-novos-temas-em-relacoes-internacionais-politica-externa-como-politica-publica-atores-processos-e-analise\/?wpdmdl=4572&#038;masterkey=Ozw25yHeEYqimWGpYtF1d6AD2fRf5tn0DV415vmovFMyWkAFkjGDbKV1HAkt-wLPkW5gZlbrglzm7pwpdoLNVAOZl8cTrpGHkFt-8r9Y6IQs\">T\u00f3picos especiais em novos temas em Rela\u00e7\u00f5es Internacionais \u2013<\/a><br \/>\n<a href=\"https:\/\/pos-graduacao.uepb.edu.br\/ppgri\/download\/ementa-da-disciplina-topicos-especiais-em-novos-temas-em-relacoes-internacionais-politica-externa-como-politica-publica-atores-processos-e-analise\/?wpdmdl=4572&#038;masterkey=Ozw25yHeEYqimWGpYtF1d6AD2fRf5tn0DV415vmovFMyWkAFkjGDbKV1HAkt-wLPkW5gZlbrglzm7pwpdoLNVAOZl8cTrpGHkFt-8r9Y6IQs\">Pol\u00edtica Externa como Pol\u00edtica P\u00fablica: Atores, Processos e An\u00e1lise<\/a><\/td><td class=\"column-2\">Bruno<\/td><td class=\"column-3\">4\u00aa \u2013 13h \u00e0s 17h<\/td>\n<\/tr>\n<\/tbody>\n<\/table>\n<!-- #tablepress-4 from cache -->[\/vc_column_text][\/vc_tta_section][vc_tta_section title=&#8221;Oferta 2025.2&#8243; tab_id=&#8221;1770226272216-c2ddb023-c90e&#8221;][vc_column_text css=&#8221;&#8221;]<\/p>\n<table style=\"height: 69px;\" width=\"762\">\n<thead>\n<tr>\n<td><strong>Disciplinas obrigat\u00f3rias<\/strong><\/td>\n<td><strong>Docente<\/strong><\/td>\n<td><strong>Hor\u00e1rio<\/strong><\/td>\n<\/tr>\n<\/thead>\n<tbody>\n<tr>\n<td><a href=\"https:\/\/pos-graduacao.uepb.edu.br\/ppgri\/download\/teoria-de-relacoes-intencionais-ii-2025-2\/?wpdmdl=4301&amp;masterkey=o1SHZXH2LmsAm8hO-Wh2HMdp79dSjudsnflxScmEcEh_R3dSjmTO-QT_tZGZvlC0ll7OdUPkJK37g1TeVxzCrV9oo88kZqTh6UyaJ4HYzjc\">Teoria das Rela\u00e7\u00f5es Internacionais II<\/a><\/td>\n<td>M\u00f4nica e Silvia<\/td>\n<td>4\u00aa \u2013 8h \u00e0s 12h<\/td>\n<\/tr>\n<tr>\n<td>\n<p lang=\"pt-PT\" align=\"left\">\n<\/td>\n<td><\/td>\n<td><\/td>\n<\/tr>\n<tr>\n<td><\/td>\n<td><\/td>\n<td><\/td>\n<\/tr>\n<\/tbody>\n<\/table>\n<p>&nbsp;<\/p>\n<table style=\"height: 182px;\" width=\"756\">\n<thead>\n<tr>\n<td><strong>Disciplinas optativas<\/strong><\/td>\n<td><strong>Docente<\/strong><\/td>\n<td><strong>Hor\u00e1rio<\/strong><\/td>\n<\/tr>\n<\/thead>\n<tbody>\n<tr>\n<td>\n<p class=\"western\" lang=\"pt-PT\" align=\"left\"><a href=\"https:\/\/pos-graduacao.uepb.edu.br\/ppgri\/download\/topicos-especiais-em-novos-temas-em-relacoes-internacionais-migracao-e-refugio-da-sociedade-internacional-contemporanea\/?wpdmdl=4238&amp;masterkey=yChw4PSNRi5xv9MBL7jUaEQsrN0lyMgTLtDxPSa221SQt9n9q5uooTUNpAEhD9xK-QE6odm_AEcLDurCYTzoWDG3SdPP1X2BgTKvVCfxymg\"><span style=\"font-size: small;\"><span lang=\"pt-BR\">T\u00f3picos especiais em novos temas em Rela\u00e7\u00f5es Internacionais: Migra\u00e7\u00e3o e Ref\u00fagio na sociedade internacional contempor\u00e2nea<\/span><\/span><\/a><\/p>\n<\/td>\n<td>Andrea e Thalita<\/td>\n<td>\u00a03\u00aa \u2013 8h \u00e0s 12h<\/td>\n<\/tr>\n<tr>\n<td>\n<p lang=\"pt-PT\" align=\"left\"><a href=\"https:\/\/pos-graduacao.uepb.edu.br\/ppgri\/download\/ementa-da-disciplina-do-imperialismo-ao-hiperimperialismo-2025-2\/?wpdmdl=4235&amp;masterkey=7AYu26V7h8G6S3zy3Kxe5vs7RsTGzohP9uHRoEWsFB-uCgAiNIrZ085RWQgVa-tjcmLD_g3OmyxglCx1jhZpCC5IHc_GPjMtcbPvWQeKGxg\"><span style=\"font-size: small;\">T\u00f3picos especiais em novos temas em Rela\u00e7\u00f5es Internacionais:Do Imperialismo ao Hiperimperialismo<\/span><\/a><\/p>\n<\/td>\n<td>Filipe<\/td>\n<td>3\u00aa \u2013 14h \u00e0s 18h<\/td>\n<\/tr>\n<tr>\n<td><a href=\"https:\/\/pos-graduacao.uepb.edu.br\/ppgri\/download\/ementa-da-disciplina-seguranca-internacional-2025-2\/?wpdmdl=4300&amp;masterkey=RhQlKKQN1cOfQ-npw2OQXKa5R4OfHPExB3LYtkTJ_YVNY3J5w3JIysOQHvJavKAzhrIVk0y7Cj_XsAJdpv0uZshrWLm3hPIBxyHy1Hud4pw\"><span style=\"font-size: small;\">Seguran\u00e7a Internacional<\/span><\/a><\/td>\n<td>Cristina e F\u00e1bio<\/td>\n<td>4\u00aa \u2013 13h \u00e0s 17h<\/td>\n<\/tr>\n<tr>\n<td><\/td>\n<td><\/td>\n<td><\/td>\n<\/tr>\n<tr>\n<td><\/td>\n<td><\/td>\n<\/tr>\n<\/tbody>\n<\/table>\n<p>[\/vc_column_text][\/vc_tta_section][vc_tta_section title=&#8221;Oferta 2025.1&#8243; tab_id=&#8221;1752760608291-b8414c52-3518&#8243;][vc_column_text css=&#8221;&#8221;]<\/p>\n<table style=\"height: 69px;\" width=\"762\">\n<thead>\n<tr>\n<td><strong>Disciplinas obrigat\u00f3rias<\/strong><\/td>\n<td><strong>Docente<\/strong><\/td>\n<td><strong>Hor\u00e1rio<\/strong><\/td>\n<\/tr>\n<\/thead>\n<tbody>\n<tr>\n<td><a href=\"https:\/\/pos-graduacao.uepb.edu.br\/ppgri\/download\/teoria-das-relacoes-internacionais-i-2025-1\/?wpdmdl=4122&amp;masterkey=eKfSyU-h1L74FNEIwmUlTtrSgI-GgkFFkzE1rVRW7XnDJo1-SYdaFysCVdPcSwkengzV6cBDCo9HC5n4dw118yD6kQjJHlg7EMv2qGsGFts\">Teoria das Rela\u00e7\u00f5es Internacionais I (turma<\/a><br \/>\n<a href=\"https:\/\/pos-graduacao.uepb.edu.br\/ppgri\/download\/teoria-das-relacoes-internacionais-i-2025-1\/?wpdmdl=4122&amp;masterkey=eKfSyU-h1L74FNEIwmUlTtrSgI-GgkFFkzE1rVRW7XnDJo1-SYdaFysCVdPcSwkengzV6cBDCo9HC5n4dw118yD6kQjJHlg7EMv2qGsGFts\">2025)<\/a><\/td>\n<td>F\u00e1bio Nobre e Gabriela Barbosa<\/td>\n<td>3\u00aa \u2013 9h \u00e0s 12h<\/td>\n<\/tr>\n<tr>\n<td><a href=\"https:\/\/pos-graduacao.uepb.edu.br\/ppgri\/download\/metodologia-de-pesquisa-em-relacoes-internacionais-2025-1\/?wpdmdl=4137&amp;masterkey=KldM06Lsy6Mnidfv5LM0BvQpsl4jNJ3MWZHciYWW-QtpxufJfHCHkPyxdIKATrx0nIpV7AcbbHLSWvxu2EGXf2QsSvUuB8h2dQAKu6ffYN8\">Metodologia da Pesquisa em Rela\u00e7\u00f5es<\/a><br \/>\n<a href=\"https:\/\/pos-graduacao.uepb.edu.br\/ppgri\/download\/metodologia-de-pesquisa-em-relacoes-internacionais-2025-1\/?wpdmdl=4137&amp;masterkey=KldM06Lsy6Mnidfv5LM0BvQpsl4jNJ3MWZHciYWW-QtpxufJfHCHkPyxdIKATrx0nIpV7AcbbHLSWvxu2EGXf2QsSvUuB8h2dQAKu6ffYN8\">Internacionais (turma 2025)<\/a><\/td>\n<td>Saulo Costa<\/td>\n<td>3\u00aa \u2013 13h30 \u00e0s 17h30<\/td>\n<\/tr>\n<tr>\n<td><a href=\"https:\/\/pos-graduacao.uepb.edu.br\/ppgri\/download\/ementa-de-seminario-de-pesquisa-2025-1\/?wpdmdl=4129&amp;masterkey=3blDxWUGw1zAMTMGs1QOrte6Y1RM77tGI4gnjSWNpBYpVYle86LgcqeGsZa8w9rMTEwdu5OZkfukjQEImxqduq-aM4GT9l34dJNsyN46xBE\">Semin\u00e1rio de Pesquisa em RI (turma 2024)<\/a><\/td>\n<td>\u00a0Andrea Pac\u00edfico e M\u00f4nica Santana<\/td>\n<td>3\u00aa \u2013 8h \u00e0s 11h<\/td>\n<\/tr>\n<\/tbody>\n<\/table>\n<p>&nbsp;<\/p>\n<table style=\"height: 182px;\" width=\"756\">\n<thead>\n<tr>\n<td><strong>Disciplinas optativas<\/strong><\/td>\n<td><strong>Docente<\/strong><\/td>\n<td><strong>Hor\u00e1rio<\/strong><\/td>\n<\/tr>\n<\/thead>\n<tbody>\n<tr>\n<td><a href=\"https:\/\/pos-graduacao.uepb.edu.br\/ppgri\/download\/analise-de-politica-externa-e-politicas-publicas-2025-1\/?wpdmdl=4142&amp;masterkey=edyW_bmZAcpBO3X0YIvHaoZtV5cXvFeS8mvoYxABSrKfqb8EKzyzTYzGhmrPxlc6xb6nIP0Hso-FVVFZZwUwoJZaEe_DOIcniejitVWUC28\">An\u00e1lise de Pol\u00edtica Externa e Pol\u00edticas<\/a><br \/>\n<a href=\"https:\/\/pos-graduacao.uepb.edu.br\/ppgri\/download\/analise-de-politica-externa-e-politicas-publicas-2025-1\/?wpdmdl=4142&amp;masterkey=edyW_bmZAcpBO3X0YIvHaoZtV5cXvFeS8mvoYxABSrKfqb8EKzyzTYzGhmrPxlc6xb6nIP0Hso-FVVFZZwUwoJZaEe_DOIcniejitVWUC28\">P\u00fablicas<\/a><\/td>\n<td>Bruno Pasquarelli<\/td>\n<td>\u00a04\u00aa \u2013 8h \u00e0s 12h<\/td>\n<\/tr>\n<tr>\n<td><a href=\"https:\/\/pos-graduacao.uepb.edu.br\/ppgri\/download\/topicos-especiais-em-economia-politica-do-desenvolvimento-tepd\/?wpdmdl=4067&amp;masterkey=zkWMcHe7TVCcQxnH1QiEYhYfgCaSxubBMrcEexa7ydsoiGZ6DR9E3xx9SVNXgHavpaA_lv-Ilye-vA-FLDt4uJfARWsJRy0OOPAq9h6IYl8\">T\u00f3picos Especiais em Economia Pol\u00edtica<\/a><br \/>\n<a href=\"https:\/\/pos-graduacao.uepb.edu.br\/ppgri\/download\/topicos-especiais-em-economia-politica-do-desenvolvimento-tepd\/?wpdmdl=4067&amp;masterkey=zkWMcHe7TVCcQxnH1QiEYhYfgCaSxubBMrcEexa7ydsoiGZ6DR9E3xx9SVNXgHavpaA_lv-Ilye-vA-FLDt4uJfARWsJRy0OOPAq9h6IYl8\">do Desenvolvimento (TEPD)<\/a><\/td>\n<td>Alexandre Leite<\/td>\n<td>5\u00aa \u2013 8h \u00e0s 12h<\/td>\n<\/tr>\n<tr>\n<td><\/td>\n<td><\/td>\n<td><\/td>\n<\/tr>\n<tr>\n<td><\/td>\n<td><\/td>\n<td><\/td>\n<\/tr>\n<tr>\n<td><\/td>\n<td><\/td>\n<\/tr>\n<\/tbody>\n<\/table>\n<p>[\/vc_column_text][\/vc_tta_section][vc_tta_section title=&#8221;Oferta 2024.2&#8243; tab_id=&#8221;1720522020497-a22c87fc-e93e&#8221;][vc_column_text css=&#8221;&#8221;]<\/p>\n<table width=\"606\">\n<thead>\n<tr>\n<td><strong>Disciplinas obrigat\u00f3rias\u00a0<\/strong><\/td>\n<td><strong>Docente<\/strong><\/td>\n<td><strong>Hor\u00e1rio<\/strong><\/td>\n<\/tr>\n<\/thead>\n<tbody>\n<tr>\n<td><a href=\"https:\/\/pos-graduacao.uepb.edu.br\/ppgri\/download\/ementa-trii-2024-2\/?wpdmdl=3801&amp;masterkey=D0zv8zNbr_7_zBTdhqnRjBoPabwYuM7eARKXA2enZNg9q_Xok0FZjKdhlnhguHgkw5ZLLGJBzQghQz7A0DxI_M1uy7EJzvXdWNUUEGz2HCA\">Teoria das Rela\u00e7\u00f5es Internacionais II<\/a><\/td>\n<td>Giulina Vieira e<br \/>\nSilvia Nogueira<\/td>\n<td>4\u00aa \u2013 14h \u00e0s 18h<\/td>\n<\/tr>\n<tr>\n<td><a href=\"https:\/\/pos-graduacao.uepb.edu.br\/ppgri\/files\/2024\/07\/Plano-Seminario-de-Dissertacao-2024.2-30h.pdf\">Semin\u00e1rio de Pesquisa em RI<\/a><\/td>\n<td>Cristina e Gabriela<\/td>\n<td>3\u00aa \u2013 9h \u00e0s 12h<\/td>\n<\/tr>\n<tr>\n<td><a href=\"https:\/\/pos-graduacao.uepb.edu.br\/ppgri\/files\/2024\/07\/Ementa-de-Processos-de-Integracao-Regional.pdf\">Processos de Integra\u00e7\u00e3o Regional (linha de<\/a><br \/>\n<a href=\"https:\/\/pos-graduacao.uepb.edu.br\/ppgri\/files\/2024\/07\/Ementa-de-Processos-de-Integracao-Regional.pdf\">pesquisa Coopera\u00e7\u00e3o, Integra\u00e7\u00e3o e<\/a><br \/>\n<a href=\"https:\/\/pos-graduacao.uepb.edu.br\/ppgri\/files\/2024\/07\/Ementa-de-Processos-de-Integracao-Regional.pdf\">Institui\u00e7\u00f5es Internacionais; turmas<\/a><br \/>\n<a href=\"https:\/\/pos-graduacao.uepb.edu.br\/ppgri\/files\/2024\/07\/Ementa-de-Processos-de-Integracao-Regional.pdf\">2024.1)<\/a><\/td>\n<td>Filipe<\/td>\n<td>5\u00aa \u2013 8h \u00e0s 12h<\/td>\n<\/tr>\n<\/tbody>\n<\/table>\n<table width=\"604\">\n<thead>\n<tr>\n<td><a href=\"https:\/\/pos-graduacao.uepb.edu.br\/ppgri\/download\/seguranca-internacional-2024-2-2\/?wpdmdl=3809&amp;masterkey=DaD_KK1kU35Wf7XZRV09ui9V_-NKWD4OqGhQ4jB8ll2ktAd4iFEITlt_h0QRR1yTEJXmD_35mXyAJRg99bjHxTo0lm8vrfqHTkNH2GpoYkU\">Seguran\u00e7a Internacional (linha de<\/a><br \/>\n<a href=\"https:\/\/pos-graduacao.uepb.edu.br\/ppgri\/download\/seguranca-internacional-2024-2-2\/?wpdmdl=3809&amp;masterkey=DaD_KK1kU35Wf7XZRV09ui9V_-NKWD4OqGhQ4jB8ll2ktAd4iFEITlt_h0QRR1yTEJXmD_35mXyAJRg99bjHxTo0lm8vrfqHTkNH2GpoYkU\">pesquisa Pol\u00edtica Externa e Seguran\u00e7a<\/a><br \/>\n<a href=\"https:\/\/pos-graduacao.uepb.edu.br\/ppgri\/download\/seguranca-internacional-2024-2-2\/?wpdmdl=3809&amp;masterkey=DaD_KK1kU35Wf7XZRV09ui9V_-NKWD4OqGhQ4jB8ll2ktAd4iFEITlt_h0QRR1yTEJXmD_35mXyAJRg99bjHxTo0lm8vrfqHTkNH2GpoYkU\">turmas 2024.1)<\/a><\/td>\n<td>F\u00e1bio<\/td>\n<td>3\u00aa \u2013 13h30 \u00e0s 17h30<\/td>\n<\/tr>\n<\/thead>\n<tbody>\n<tr>\n<td><strong>Disciplinas\u00a0optativas<\/strong><\/td>\n<td><strong>Docente<\/strong><\/td>\n<td><strong>Hor\u00e1rio<\/strong><\/td>\n<\/tr>\n<tr>\n<td><a href=\"https:\/\/pos-graduacao.uepb.edu.br\/ppgri\/files\/2024\/07\/Ementa-de-Relacoes-Internacionais-na-Asia.pdf\">Rela\u00e7\u00f5es Internacionais na \u00c1sia<\/a><\/td>\n<td>Juma<\/td>\n<td>4\u00aa \u2013 8h \u00e0s 12h<\/td>\n<\/tr>\n<tr>\n<td><a href=\"https:\/\/pos-graduacao.uepb.edu.br\/ppgri\/files\/2024\/07\/Ementa-de-Politicas-Publicas-\u2013-modelos-de-analise.pdf\">Pol\u00edticas P\u00fablicas \u2013 modelos de an\u00e1lise<\/a><\/td>\n<td>Saulo<\/td>\n<td>5\u00aa \u2013 14h \u00e0s 18h<\/td>\n<\/tr>\n<tr>\n<td><\/td>\n<td><\/td>\n<td><\/td>\n<\/tr>\n<tr>\n<td><\/td>\n<td><\/td>\n<\/tr>\n<\/tbody>\n<\/table>\n<p>[\/vc_column_text][\/vc_tta_section][vc_tta_section title=&#8221;Oferta 2024.1&#8243; tab_id=&#8221;1708089733001-445e55fd-0312&#8243;][vc_column_text css=&#8221;&#8221;]<\/p>\n<table>\n<tbody>\n<tr>\n<td width=\"316\"><strong>Disciplinas<\/strong><\/td>\n<td width=\"123\"><strong>Dia e Per\u00edodo<\/strong><\/td>\n<td width=\"177\"><strong>Professor(es)<\/strong><\/td>\n<td width=\"63\"><strong>Carga Hor\u00e1ria<\/strong><\/td>\n<\/tr>\n<tr>\n<td colspan=\"4\" width=\"679\"><strong>Obrigat\u00f3rias<\/strong><\/td>\n<\/tr>\n<tr>\n<td width=\"316\"><a href=\"https:\/\/pos-graduacao.uepb.edu.br\/ppgri\/files\/2024\/04\/20241-PPGRI-TRI1-Ementa-E-Plano-de-Ensino.pdf\">Teoria das Rela\u00e7\u00f5es Internacionais I<\/a> <strong>(turmas 2024.1 e 2023.2)<\/strong><\/td>\n<td width=\"123\">3\u00aa \u2013 13h30 \u00e0s 17h30<\/td>\n<td width=\"177\">Profa. Cristina e Prof. Andr\u00e9<\/td>\n<td width=\"63\">60h<\/td>\n<\/tr>\n<tr>\n<td width=\"316\"><a href=\"https:\/\/pos-graduacao.uepb.edu.br\/ppgri\/files\/2024\/02\/plano_ensino_MPRI_2024_alexandre_leite_atual-1.pdf\">Metodologia de Pesquisa em RI<\/a> (<strong>turmas<\/strong> <strong>2024.1 e 2023.2)<\/strong><\/td>\n<td width=\"123\">4\u00aa \u2013 8h \u00e0s 12h<\/td>\n<td width=\"177\">Prof. Alexandre<\/td>\n<td width=\"63\">60h<\/td>\n<\/tr>\n<tr>\n<td width=\"316\"><a href=\"https:\/\/pos-graduacao.uepb.edu.br\/ppgri\/files\/2024\/02\/Seminario-de-Pesquisa-PPGRI-2024.1.pdf\">Semin\u00e1rio de Pesquisa em RI<\/a> <strong>(turma 2023.1)<\/strong><\/td>\n<td width=\"123\">3\u00aa \u2013 8h30 \u00e0s 11h30<\/td>\n<td width=\"177\">Profa. Andrea<\/td>\n<td width=\"63\">30h<\/td>\n<\/tr>\n<tr>\n<td colspan=\"4\" width=\"679\"><strong>Optativas<\/strong><\/td>\n<\/tr>\n<tr>\n<td width=\"316\"><a href=\"https:\/\/pos-graduacao.uepb.edu.br\/ppgri\/files\/2024\/03\/PlanoMidia-e-Relacoes-Internacionais-ementa-e-cronograma-2024.1-01-03-2024.pdf\">M\u00eddia e Rela\u00e7\u00f5es Internacionais<\/a><\/td>\n<td width=\"123\"><strong>\u00a0<\/strong><\/p>\n<p>4\u00aa \u2013 14h \u00e0s 18h<\/td>\n<td width=\"177\">Profa. Silvia e Profa. Gabriela<\/td>\n<td width=\"63\"><strong>\u00a0<\/strong><\/p>\n<p>60h<\/td>\n<\/tr>\n<tr>\n<td width=\"316\"><a href=\"https:\/\/pos-graduacao.uepb.edu.br\/ppgri\/download\/cosmopolitismo-e-soberania-2024-1\/?wpdmdl=4630&amp;masterkey=OTMnbn3V6DalsZE6_T-BwqlfZh3ZCz_PmUlxcTCYeqowdj3rROlxtPsQZejpoGADVwZ0rYj6NMtisn88zubIcEQGLp32eVd-C5XK3cWMkvLs\">Cosmopolitismo e Soberania, entre dois projetos de mundo<\/a><\/td>\n<td width=\"123\"><strong>\u00a0<\/strong><\/p>\n<p>5\u00aa \u2013 14h \u00e0s18h<\/td>\n<td width=\"177\">Prof. Carlos<\/td>\n<td width=\"63\"><strong>\u00a0<\/strong><\/p>\n<p>60h<\/td>\n<\/tr>\n<tr>\n<td width=\"316\"><a href=\"https:\/\/pos-graduacao.uepb.edu.br\/ppgri\/files\/2024\/03\/PlanDITeGlob-24.1-PPGRI-UEPB.pdf\">T\u00f3picos Especiais em Novos Temas em RI: Configura\u00e7\u00f5es da divis\u00e3o internacional do trabalho e a desglobaliza\u00e7\u00e3o<\/a><\/td>\n<td width=\"123\">6\u00aa \u2013 13h \u00e0s 17h<\/td>\n<td width=\"177\">Prof. Lucas<\/td>\n<td width=\"63\"><strong>\u00a0<\/strong><\/p>\n<p>60h<\/td>\n<\/tr>\n<tr>\n<td width=\"316\"><a href=\"https:\/\/pos-graduacao.uepb.edu.br\/ppgri\/files\/2024\/06\/Governanca-Ambiental.POS_.pdf\">Governan\u00e7a Ambiental<\/a><\/td>\n<td width=\"123\">5\u00aa \u2013 8 h \u00e0s 12 h<\/td>\n<td width=\"177\">Prof. Giovanni<\/td>\n<td width=\"63\"><strong>\u00a0<\/strong><\/p>\n<p>60h<\/td>\n<\/tr>\n<\/tbody>\n<\/table>\n<p>[\/vc_column_text][\/vc_tta_section][vc_tta_section title=&#8221;Oferta 2023.2&#8243; tab_id=&#8221;1708089769539-4e5c8157-797b&#8221;][vc_column_text css=&#8221;&#8221;]<\/p>\n<table style=\"height: 137px;\" width=\"606\">\n<thead>\n<tr>\n<td><strong>Disciplinas obrigat\u00f3rias turmas 2023.1 e 2023.2<\/strong><\/td>\n<td><strong>Docente<\/strong><\/td>\n<td><strong>Hor\u00e1rio<\/strong><\/td>\n<\/tr>\n<\/thead>\n<tbody>\n<tr>\n<td><a href=\"https:\/\/pos-graduacao.uepb.edu.br\/ppgri\/download\/ementa-tri-ii-2023\/?wpdmdl=4184&amp;masterkey=7bTaq8HU-PXs8heSIt2A-_ejHEAkR3TyK0dvhBBLoIz75Q5pOeXtgabO37Di3ccEBt3GIG9xVdJIHcFNb5kvXE44OABIe4h47e1I-hwLz-0\">Teoria das Rela\u00e7\u00f5es Internacionais II<\/a><\/td>\n<td>Giulina Vieira e<br \/>\nSilvia Nogueira<\/td>\n<td>4\u00aa \u2013 13h \u00e0s 16h<\/td>\n<\/tr>\n<tr>\n<td><a href=\"https:\/\/pos-graduacao.uepb.edu.br\/ppgri\/download\/politica-externa-brasileira-2023-2\/?wpdmdl=4186&amp;masterkey=bbo48zNOO5OOhsj8DvA6eizW0NbsEdK6YOi58mJxWauwEiFUWIl0-6TcIFzYhr7JY6dFLNzsQnObs7sLiu9nCc0zTf30aQ1QSXc5nePuHLA\">Pol\u00edtica Externa Brasileira<\/a><\/td>\n<td>Bernardo Rodrigues<\/td>\n<td>5\u00aa \u2013 13h30 \u00e0s 16h30<\/td>\n<\/tr>\n<tr>\n<td><\/td>\n<td><\/td>\n<td><\/td>\n<\/tr>\n<\/tbody>\n<\/table>\n<table style=\"height: 276px;\" width=\"604\">\n<thead>\n<tr>\n<td><\/td>\n<td><\/td>\n<td><\/td>\n<\/tr>\n<\/thead>\n<tbody>\n<tr>\n<td><strong>Disciplinas\u00a0optativas<\/strong><\/td>\n<td><strong>Docente<\/strong><\/td>\n<td><strong>Hor\u00e1rio<\/strong><\/td>\n<\/tr>\n<tr>\n<td><a href=\"https:\/\/pos-graduacao.uepb.edu.br\/ppgri\/files\/2023\/08\/0-Arte-Estetica-nas-RI-2023.pdf\">T\u00f3picos Especiais em Teoria das Rela\u00e7\u00f5es<\/a><br \/>\n<a href=\"https:\/\/pos-graduacao.uepb.edu.br\/ppgri\/files\/2023\/08\/0-Arte-Estetica-nas-RI-2023.pdf\">Internacionais: Arte, Est\u00e9tica e Rela\u00e7\u00f5es<\/a><br \/>\n<a href=\"https:\/\/pos-graduacao.uepb.edu.br\/ppgri\/files\/2023\/08\/0-Arte-Estetica-nas-RI-2023.pdf\">Internacionais<\/a><\/td>\n<td>Paulo Kuhlmann<\/td>\n<td>2\u00aa \u2013 14h \u00e0s 17h<\/td>\n<\/tr>\n<tr>\n<td>Economia Pol\u00edtica Internacional<\/td>\n<td>Filipe Reis<\/td>\n<td>3\u00aa \u2013 14h \u00e0s 18h<\/td>\n<\/tr>\n<tr>\n<td><a href=\"https:\/\/pos-graduacao.uepb.edu.br\/ppgri\/download\/tri-2023-2\/?wpdmdl=4640&amp;masterkey=O-85AnLuy-hsync715XuxPFo6xUfeMvc1HenldmdVvP8nCMGNajGTmUN1p4jPzTQ03AhThQtEycwUHHUM1g2DuYaTokFLdG34kCX_5B98IDo\">T\u00f3picos Especiais em Teoria das Rela\u00e7\u00f5es<\/a><br \/>\nInternacionais:<br \/>\nRealismos Do Centro \u00e0 Periferia<\/td>\n<td>Cristina Pacheco<br \/>\ne Andr\u00e9 Pini<\/td>\n<td>6\u00aa \u2013 13h30 \u00e0s 16h30<\/td>\n<\/tr>\n<tr>\n<td><\/td>\n<td><\/td>\n<\/tr>\n<\/tbody>\n<\/table>\n<p>[\/vc_column_text][\/vc_tta_section][vc_tta_section title=&#8221;Oferta 2023.1&#8243; tab_id=&#8221;1708089825106-eacede10-8727&#8243;][vc_column_text]<\/p>\n<table>\n<tbody>\n<tr>\n<td width=\"352\"><strong>Disciplinas<\/strong><\/td>\n<td width=\"113\"><strong>Dia e Per\u00edodo<\/strong><\/td>\n<td width=\"149\"><strong>Professor(es)<\/strong><\/td>\n<td width=\"64\"><strong>Carga Hor\u00e1ria<\/strong><\/td>\n<\/tr>\n<tr>\n<td colspan=\"4\" width=\"679\"><strong>Obrigat\u00f3rias<\/strong><\/td>\n<\/tr>\n<tr>\n<td width=\"352\"><a href=\"https:\/\/pos-graduacao.uepb.edu.br\/ppgri\/files\/2023\/02\/PPGRI-template-disciplina-2023_MPRI-prof.-Alexandre.pdf\">Metodologia da Pesquisa em Rela\u00e7\u00f5es Internacionais<\/a><\/td>\n<td width=\"113\">4\u00aa &#8211; 8h \u00e0s 12h<\/td>\n<td width=\"149\">Prof. Alexandre Leite<\/td>\n<td width=\"64\">60h<\/td>\n<\/tr>\n<tr>\n<td width=\"352\"><a href=\"https:\/\/pos-graduacao.uepb.edu.br\/ppgri\/files\/2023\/02\/Teoria-das-Relacoes-Internacionais-I-PPGRI-UEPB-2023.1-Conflito-de-codificacao-Unicode.pdf\">Teoria das Rela\u00e7\u00f5es Internacionais I<\/a><\/td>\n<td width=\"113\">4\u00aa &#8211; 13h30 \u00e0s 17h30<\/td>\n<td width=\"149\">Prof. F\u00e1bio Nobre<\/td>\n<td width=\"64\">60h<\/td>\n<\/tr>\n<tr>\n<td width=\"352\"><a href=\"https:\/\/pos-graduacao.uepb.edu.br\/ppgri\/files\/2023\/03\/Seminario-de-Pesquisa-PPGRI-2023.1.pdf\">Semin\u00e1rio de Pesquisa em Rela\u00e7\u00f5es Internacionais <strong>(Turma 2022)<\/strong><\/a><\/td>\n<td width=\"113\">3\u00aa &#8211; 8h30 \u00e0s 11h30<\/td>\n<td width=\"149\">Profa. Andrea Pac\u00edfico<\/p>\n<p>Prof. Andr\u00e9 Pini<\/td>\n<td width=\"64\">30h<\/td>\n<\/tr>\n<tr>\n<td colspan=\"4\" width=\"679\"><strong>Optativas<\/strong><\/td>\n<\/tr>\n<tr>\n<td width=\"352\"><a href=\"https:\/\/pos-graduacao.uepb.edu.br\/ppgri\/files\/2023\/02\/PPGRI-UEPB-modulo-luciano-nascimento.pdf\">T\u00f3picos Especiais em Novos Temas em Rela\u00e7\u00f5es Internacionais I: Mundos das Rela\u00e7\u00f5es Internacionais do Mundo: Teoria dos Sistemas e Sociologia da Comunica\u00e7\u00e3o<\/a><\/td>\n<td width=\"113\"><strong>\u00a0<\/strong><\/p>\n<p>5\u00aa \u2013 8h \u00e0s 12h<\/td>\n<td width=\"149\">Prof. Luciano Nascimento<\/td>\n<td width=\"64\"><strong>\u00a0<\/strong><\/p>\n<p>60h<\/td>\n<\/tr>\n<tr>\n<td width=\"352\"><a href=\"https:\/\/pos-graduacao.uepb.edu.br\/ppgri\/files\/2023\/02\/programa-teoria-sob-e-cosmopolitismo-1.pdf\">T\u00f3picos Especiais em Teoria das Rela\u00e7\u00f5es Internacionais I: Cosmopolitismo e Soberania, fundamentos das Rela\u00e7\u00f5es<\/a><\/td>\n<td width=\"113\"><strong>\u00a0<\/strong><\/p>\n<p>3\u00aa &#8211; 14h \u00e0s 18h<\/td>\n<td width=\"149\"><strong>\u00a0<\/strong><\/p>\n<p>Prof. Carlos Enrique<\/td>\n<td width=\"64\"><strong>\u00a0<\/strong><\/p>\n<p>60h<\/td>\n<\/tr>\n<tr>\n<td width=\"352\"><a href=\"https:\/\/pos-graduacao.uepb.edu.br\/ppgri\/files\/2023\/02\/Programa-de-Geopolitica-Contemporanea-_-2023.1.pdf\">T\u00f3picos Especiais em Teoria das Rela\u00e7\u00f5es Internacionais II: Geopol\u00edtica Contempor\u00e2nea<\/a><\/td>\n<td width=\"113\">5\u00aa &#8211; 13h30 \u00e0s 17h30<\/td>\n<td width=\"149\">Prof. Bernardo Rodrigues<\/td>\n<td width=\"64\"><strong>\u00a0<\/strong><\/p>\n<p>60h<\/td>\n<\/tr>\n<\/tbody>\n<\/table>\n<p>[\/vc_column_text][\/vc_tta_section][vc_tta_section title=&#8221;Oferta 2022.2&#8243; tab_id=&#8221;1708089861576-b4fa0004-2a77&#8243;][vc_column_text css=&#8221;&#8221;]<\/p>\n<table style=\"height: 69px;\" width=\"762\">\n<thead>\n<tr>\n<td><strong>Disciplinas obrigat\u00f3rias<\/strong><\/td>\n<td><strong>Docente<\/strong><\/td>\n<td><strong>Hor\u00e1rio<\/strong><\/td>\n<\/tr>\n<\/thead>\n<tbody>\n<tr>\n<td>Est\u00e1gio Doc\u00eancia turma 2021 (FAPESQ)<\/td>\n<td>A definir<\/td>\n<td>A definir<\/td>\n<\/tr>\n<tr>\n<td><a href=\"https:\/\/pos-graduacao.uepb.edu.br\/ppgri\/files\/2022\/07\/Seminario-de-Pesquisa-Profa.-Cristina-e-prof.-Paulo.pdf\">Semin\u00e1rio de Pesquisa em Rela\u00e7\u00f5es Internacionais \u2013 turma 2021 (FAPESQ)<\/a><\/td>\n<td>Profa. Cristina Pacheco e Prof. Paulo Kuhlmann<\/td>\n<td>3\u00aa \u2013 19h \u00e0s 21h<\/td>\n<\/tr>\n<tr>\n<td><a href=\"https:\/\/pos-graduacao.uepb.edu.br\/ppgri\/download\/ementa-politica-externa-brasileira-2022-2\/?wpdmdl=4622&amp;masterkey=O7dLC7YJdtUx1Gahyre9IkMDAt5U74yRQ8sbTgTKBQ6foFr2NIjC0aAIrHt1pXYLhT2pmssPYq5CRvEjO6NWWA0qTin5motU_L_SEDK_gboM\">Pol\u00edtica Externa Brasileira<\/a><\/td>\n<td>Prof. Bernardo Salgado Rodrigues<\/td>\n<td>2\u00aa \u2013 14h \u00e0s 18h<\/td>\n<\/tr>\n<\/tbody>\n<\/table>\n<table style=\"height: 182px;\" width=\"756\">\n<thead>\n<tr>\n<td><a href=\"https:\/\/pos-graduacao.uepb.edu.br\/ppgri\/files\/2022\/09\/Tri2SilviaLucasFinal.pdf\">Teoria das Rela\u00e7\u00f5es Internacionais II<\/a><\/td>\n<td>Profa. Silvia Nogueira e Prof. Lucas Almeida<\/td>\n<td>3\u00aa \u2013 14h \u00e0s 18h<\/td>\n<\/tr>\n<\/thead>\n<tbody>\n<tr>\n<td><strong>Disciplinas\u00a0optativas<\/strong><\/td>\n<td><strong>Docente<\/strong><\/td>\n<td><strong>Hor\u00e1rio<\/strong><\/td>\n<\/tr>\n<tr>\n<td><a href=\"https:\/\/pos-graduacao.uepb.edu.br\/ppgri\/files\/2022\/09\/ementa-migracoes-PPGRI.pdf\">T\u00f3picos Especiais em Novos Temas em Rela\u00e7\u00f5es Internacionais\u00a0 (Migra\u00e7\u00e3o e Ref\u00fagio na sociedade internacional contempor\u00e2nea)<\/a><\/td>\n<td>Profa. Andrea Pac\u00edfico e Profa. Giuliana Vieira<\/td>\n<td>3\u00aa \u2013 8h \u00e0s 12h<\/td>\n<\/tr>\n<tr>\n<td><a href=\"https:\/\/pos-graduacao.uepb.edu.br\/ppgri\/files\/2022\/07\/Prof.-Giovanni-Seabra-1.pdf\">T\u00f3picos Especiais em Novos Temas em Rela\u00e7\u00f5es Internacionais\u00a0 (Objetivos do Desenvolvimento Sustent\u00e1vel (ODS) no Mundo Globalizado)<\/a><\/td>\n<td>Prof. Giovanni Seabra<\/td>\n<td>5\u00aa \u2013 14h \u00e0s 18h<\/td>\n<\/tr>\n<tr>\n<td><a href=\"https:\/\/pos-graduacao.uepb.edu.br\/ppgri\/files\/2022\/07\/Prof.-Filipe-Reis.pdf\">Economia Pol\u00edtica Internacional<\/a><\/td>\n<td>Prof. Filipe Reis<\/td>\n<td>5\u00aa \u2013 9h \u00e0s 13h<\/td>\n<\/tr>\n<\/tbody>\n<\/table>\n<p>[\/vc_column_text][\/vc_tta_section][vc_tta_section title=&#8221;Oferta 2022.1&#8243; tab_id=&#8221;1708089895082-8524944f-d264&#8243;][vc_column_text css=&#8221;&#8221;]<\/p>\n<table style=\"height: 69px;\" width=\"762\">\n<thead>\n<tr>\n<td><strong>Disciplinas obrigat\u00f3rias &#8211; Turma 2021<\/strong><\/td>\n<td><strong>Docente<\/strong><\/td>\n<td><strong>Hor\u00e1rio<\/strong><\/td>\n<\/tr>\n<\/thead>\n<tbody>\n<tr>\n<td><a href=\"https:\/\/pos-graduacao.uepb.edu.br\/ppgri\/download\/seminario-de-pesquisa-2022-1\/?wpdmdl=4592&amp;masterkey=OyVcgn2DoaFMz3AluIwCLS5QKoP8vRP_4URU1aEbBIu8iUngRIG4X_uweSwS4YMhfGD80o9QfWcAh60eWrFo0B3JuFG-PJIzJdXNKTf2i-E8\">Semin\u00e1rio de Pesquisa em Rela\u00e7\u00f5es Internacionais<\/a><\/td>\n<td>Profa. Andrea e<br \/>\nProf. Paulo Kuhlmann<\/td>\n<td>3\u00aa \u2013 8h \u00e0s 12h<\/td>\n<\/tr>\n<tr>\n<td>Est\u00e1gio Doc\u00eancia<\/td>\n<td><\/td>\n<td><\/td>\n<\/tr>\n<tr>\n<td><\/td>\n<td><\/td>\n<td><\/td>\n<\/tr>\n<\/tbody>\n<\/table>\n<p>&nbsp;<\/p>\n<table style=\"height: 69px;\" width=\"762\">\n<thead>\n<tr>\n<td><strong>Obrigat\u00f3rias &#8211; Turma 2022 <\/strong><\/td>\n<td><strong>Docente<\/strong><\/td>\n<td><strong>Hor\u00e1rio<\/strong><\/td>\n<\/tr>\n<\/thead>\n<tbody>\n<tr>\n<td><a href=\"https:\/\/pos-graduacao.uepb.edu.br\/ppgri\/download\/tri1-mri\/?wpdmdl=4634&amp;masterkey=OzATWNovN47R5jEEdr1mNZgh8ZOcW729XIMeh0nJbbTdP4-sY5LMNQBSE_KC632kiKb_yeyrDivBFWH1acbzBS0Mkh8umLi06NcSDxEL06i8\">Teoria das Rela\u00e7\u00f5es Internacionais I<\/a><\/td>\n<td>Profa. Cristina<\/td>\n<td>3\u00aa \u2013 13h30 \u00e0s 17h30<\/td>\n<\/tr>\n<tr>\n<td><a href=\"https:\/\/pos-graduacao.uepb.edu.br\/ppgri\/download\/ementa-de-metodologia-2022-1\/?wpdmdl=4645&amp;masterkey=OKS_sYh8AzvxQXLWOHdoYMo7KH5eLM2XhP2Q00fo3ZnmGtX9-wN6_y758FhzwGMx0ZsQzBduA9OTkIK_cmyrYrjULrSRjRnSkvXXSlops-jU\">Metodologia da Pesquisa em Rela\u00e7\u00f5es Internacionais<\/a><\/td>\n<td>Prof. Alexandre<\/td>\n<td>4\u00aa \u2013 8h \u00e0s 12h<\/td>\n<\/tr>\n<tr>\n<td><\/td>\n<td><\/td>\n<td><\/td>\n<\/tr>\n<\/tbody>\n<\/table>\n<p>&nbsp;<\/p>\n<table style=\"height: 163px;\" width=\"679\">\n<thead>\n<tr>\n<td><\/td>\n<td><\/td>\n<td><\/td>\n<\/tr>\n<\/thead>\n<tbody>\n<tr>\n<td><strong>Disciplinas\u00a0optativas<\/strong><\/td>\n<td><strong>Docente<\/strong><\/td>\n<td><strong>Hor\u00e1rio<\/strong><\/td>\n<\/tr>\n<tr>\n<td><a href=\"https:\/\/pos-graduacao.uepb.edu.br\/ppgri\/files\/2022\/07\/PPGRI-UEPB-Relac\u0327o\u0303es-Internacionais-Contempora\u0302neas-Religia\u0303o-e-Relac\u0327o\u0303es-Internacionais-Prof.-Dr.-Fa\u0301bio-Nobre-Ementa-e-Plano-de-Aulas.-pdf.pdf\">Rela\u00e7\u00f5es Internacionais Contempor\u00e2neas<\/a><\/td>\n<td>Prof. F\u00e1bio Nobre<\/td>\n<td>6\u00aa \u2013 13h30 \u00e0s 17h30<\/td>\n<\/tr>\n<tr>\n<td><\/td>\n<td><\/td>\n<td><\/td>\n<\/tr>\n<tr>\n<td><\/td>\n<td><\/td>\n<td><\/td>\n<\/tr>\n<\/tbody>\n<\/table>\n<p>[\/vc_column_text][\/vc_tta_section][vc_tta_section title=&#8221;Oferta 2021.2&#8243; tab_id=&#8221;1708089925991-c930bf33-0d09&#8243;][vc_column_text css=&#8221;&#8221;]<\/p>\n<table width=\"662\">\n<tbody>\n<tr>\n<td width=\"352\"><strong>\u00a0<\/strong><\/td>\n<td width=\"113\">Dia e Per\u00edodo<\/td>\n<td width=\"142\">Professor(es)<\/td>\n<td width=\"55\">Carga Hor\u00e1ria<\/td>\n<\/tr>\n<tr>\n<td width=\"352\"><strong>\u00a0Obrigat\u00f3rias &#8211; Turma 2021\u00a0\u00a0\u00a0\u00a0\u00a0\u00a0\u00a0\u00a0\u00a0\u00a0\u00a0\u00a0\u00a0 <\/strong><\/td>\n<td width=\"113\"><\/td>\n<td colspan=\"2\" width=\"197\"><\/td>\n<\/tr>\n<tr>\n<td width=\"352\">&nbsp;<\/p>\n<p><a href=\"https:\/\/pos-graduacao.uepb.edu.br\/ppgri\/download\/peb-mri-uepb-2021\/?wpdmdl=4632&amp;masterkey=OcdJKLn7DhuGLpsRKRTUEsQkHIMj06W9zemJHHtZmSWi7y9npP5IutGsAfcU2tuNJD4HiVmxb0iZnBBQrPcgtqDceBQv5kyCCQj1iJrX6-qc\">Pol\u00edtica Externa Brasileira<\/a><\/td>\n<td width=\"113\">3\u00aa e 5\u00aa &#8211; 8h das 12h<\/td>\n<td width=\"142\">Prof. Carlos<\/td>\n<td width=\"55\">60h<\/td>\n<\/tr>\n<tr>\n<td width=\"352\"><a href=\"https:\/\/pos-graduacao.uepb.edu.br\/ppgri\/download\/tri-2-2021-2\/?wpdmdl=4638&amp;masterkey=OiTpkt-2AdxSZT-Z-_FpruuD7VB1TkhYgTQW-CFY01xugby4h49YpcA89atP_jVEQu6fWZHznu8A1VkCzWCjkvl2sOwuv9xSo-wWu6DhD5Gc\">Teoria das Rela\u00e7\u00f5es Internacionais II<\/a><\/td>\n<td width=\"113\">2\u00aa- 19h \u00e0s 22h<\/td>\n<td width=\"142\">Profa. Ana Paula e Silvia<\/td>\n<td width=\"55\">60h<\/td>\n<\/tr>\n<tr>\n<td width=\"352\"><strong>Optativas <\/strong><\/td>\n<td width=\"113\"><\/td>\n<td colspan=\"2\" width=\"197\"><\/td>\n<\/tr>\n<tr>\n<td width=\"352\"><a href=\"https:\/\/pos-graduacao.uepb.edu.br\/ppgri\/files\/2021\/06\/EPI-2021-2.pdf\">Economia Pol\u00edtica Internacional<\/a><\/td>\n<td width=\"113\">5\u00aa -14h \u00e0s 18h<\/td>\n<td width=\"142\">Prof. Filipe<\/td>\n<td width=\"55\">60h<\/td>\n<\/tr>\n<tr>\n<td width=\"352\"><a href=\"https:\/\/pos-graduacao.uepb.edu.br\/ppgri\/files\/2022\/09\/PGPCI_PPGRI-CI_TECI_aleite_2021.pdf\">T\u00f3picos Especiais em Novos Temas em Rela\u00e7\u00f5es Internacionais: Coopera\u00e7\u00e3o Sul-Sul<\/a><\/td>\n<td width=\"113\">4\u00aa &#8211; 8h \u00e0s 12h<\/td>\n<td width=\"142\">Prof. Alexandre Leite<\/td>\n<td width=\"55\">60h<\/td>\n<\/tr>\n<tr>\n<td width=\"352\">T\u00f3picos Especiais em Pol\u00edtica Externa: Grande Estrat\u00e9gia.<\/td>\n<td width=\"113\">3\u00aa-18h30 \u00e0s 21h30<\/td>\n<td width=\"142\">Profa. Cristina<\/td>\n<td width=\"55\">60h<\/td>\n<\/tr>\n<\/tbody>\n<\/table>\n<p>[\/vc_column_text][\/vc_tta_section][vc_tta_section title=&#8221;Oferta 2021.1&#8243; tab_id=&#8221;1708089960559-2838c10d-e54b&#8221;][vc_column_text]<\/p>\n<table style=\"height: 69px;\" width=\"762\">\n<thead>\n<tr>\n<td><strong>Disciplinas obrigat\u00f3rias &#8211; Turma 2021<\/strong><\/td>\n<td><strong>Docente<\/strong><\/td>\n<td><strong>Hor\u00e1rio<\/strong><\/td>\n<\/tr>\n<\/thead>\n<tbody>\n<tr>\n<td><a href=\"https:\/\/pos-graduacao.uepb.edu.br\/ppgri\/files\/2021\/02\/plano_ensino_MPRI_2021_alexandre_leite_atual.pdf\">Metodologia da Pesquisa em Rela\u00e7\u00f5es Internacionais<\/a><\/td>\n<td>Alexandre Leite<\/td>\n<td>3\u00aa \u2013 08h \u00e0s 12h<\/td>\n<\/tr>\n<tr>\n<td><a href=\"https:\/\/pos-graduacao.uepb.edu.br\/ppgri\/files\/2021\/02\/MRI-Plano-de-Aula-TRI1-20211-.pdf\">Teoria das Rela\u00e7\u00f5es Internacionais I<\/a><\/td>\n<td>Cristina Pacheco\/Saulo Costa<\/td>\n<td>3\u00aa \u2013 13h \u00e0s 17h<\/td>\n<\/tr>\n<tr>\n<td><\/td>\n<td><\/td>\n<td><\/td>\n<\/tr>\n<\/tbody>\n<\/table>\n<p>&nbsp;<\/p>\n<table style=\"height: 69px;\" width=\"762\">\n<thead>\n<tr>\n<td><strong>Disciplinas obrigat\u00f3rias &#8211; Turma 2020<\/strong><\/td>\n<td><strong>Docente<\/strong><\/td>\n<td><strong>Hor\u00e1rio<\/strong><\/td>\n<\/tr>\n<\/thead>\n<tbody>\n<tr>\n<td><a href=\"https:\/\/pos-graduacao.uepb.edu.br\/ppgri\/files\/2021\/02\/Seminario-de-Pesquisa120221.pdf\">Semin\u00e1rio de Pesquisa em Rela\u00e7\u00f5es Internacionais<\/a><\/td>\n<td>Ana Paula Maielo\/Silvia Nogueira<\/td>\n<td>2\u00aa \u2013 18h \u00e0s 22h<\/td>\n<\/tr>\n<tr>\n<td>Est\u00e1gio Doc\u00eancia<\/td>\n<td><\/td>\n<td><\/td>\n<\/tr>\n<tr>\n<td><\/td>\n<td><\/td>\n<td><\/td>\n<\/tr>\n<\/tbody>\n<\/table>\n<p>&nbsp;<\/p>\n<table style=\"height: 285px;\" width=\"756\">\n<thead>\n<tr>\n<td><\/td>\n<td><\/td>\n<td><\/td>\n<\/tr>\n<\/thead>\n<tbody>\n<tr>\n<td><strong>Disciplinas\u00a0optativas<\/strong><\/td>\n<td><strong>Docente<\/strong><\/td>\n<td><strong>Hor\u00e1rio<\/strong><\/td>\n<\/tr>\n<tr>\n<td><a href=\"https:\/\/pos-graduacao.uepb.edu.br\/ppgri\/files\/2021\/02\/Arte-Estetica-nas-RI-2021-31.01.21.pdf\">T\u00f3picos Especiais em Teoria das Rela\u00e7\u00f5es Internacionais:<\/a><\/p>\n<p><a href=\"https:\/\/pos-graduacao.uepb.edu.br\/ppgri\/files\/2021\/02\/Arte-Estetica-nas-RI-2021-31.01.21.pdf\">Arte, Est\u00e9tica e Rela\u00e7\u00f5es Internacionais<\/a><\/td>\n<td>Paulo Kuhlmann<\/td>\n<td>2\u00aa \u2013 14h \u00e0s 18h<\/td>\n<\/tr>\n<tr>\n<td><\/td>\n<td><\/td>\n<td><\/td>\n<\/tr>\n<tr>\n<td><a href=\"https:\/\/pos-graduacao.uepb.edu.br\/ppgri\/files\/2021\/02\/Plano-de-Ensino-Seguranca-Internacional-2021.1-PPGRI-UEPB-Prof.-Fabio-Nobre.pdf\">Seguran\u00e7a Internacional<\/a><\/td>\n<td>F\u00e1bio Nobre<\/td>\n<td>4\u00aa \u2013 14h \u00e0s 18h<\/td>\n<\/tr>\n<tr>\n<td><\/td>\n<td><\/td>\n<\/tr>\n<\/tbody>\n<\/table>\n<p>[\/vc_column_text][\/vc_tta_section][vc_tta_section title=&#8221;Oferta 2020.2&#8243; tab_id=&#8221;1708089996853-bf68bbc1-a67f&#8221;][vc_column_text]<\/p>\n<table style=\"height: 69px;\" width=\"762\">\n<thead>\n<tr>\n<td><strong>Disciplinas obrigat\u00f3rias<\/strong><\/td>\n<td><strong>Docente<\/strong><\/td>\n<td><strong>Hor\u00e1rio<\/strong><\/td>\n<\/tr>\n<\/thead>\n<tbody>\n<tr>\n<td><a href=\"https:\/\/pos-graduacao.uepb.edu.br\/ppgri\/files\/2020\/07\/PPGRI-UEPB-Programa-PEB_2020_02_UEPB.pdf\">Pol\u00edtica Externa Brasileira<\/a><\/td>\n<td>Alexandre Leite<\/td>\n<td>3\u00aa \u2013 08h \u00e0s 12h<\/td>\n<\/tr>\n<tr>\n<td><a href=\"https:\/\/pos-graduacao.uepb.edu.br\/ppgri\/files\/2020\/07\/PPGRI_UEPB_Teoria-de-Relac\u0327o\u0303es-Internacionais-2_ANA-PAULA-MAIELO-SILVA.pdf\">Teoria das Rela\u00e7\u00f5es Internacionais II<\/a><\/td>\n<td>Ana Paula Maielo<\/td>\n<td>5\u00aa \u2013 08h \u00e0s 12h<\/td>\n<\/tr>\n<tr>\n<td><a href=\"https:\/\/pos-graduacao.uepb.edu.br\/ppgri\/files\/2020\/07\/Seminario-de-Pesquisa-20202-Saulo-e-Cris-1.pdf\">Semin\u00e1rio de Pesquisa em Rela\u00e7\u00f5es Internacionais<\/a><\/td>\n<td>Cristina Pacheco e Saulo Felipe<\/td>\n<td>5\u00aa \u2013 14h \u00e0s 18h<\/td>\n<\/tr>\n<\/tbody>\n<\/table>\n<table style=\"height: 182px;\" width=\"756\">\n<thead>\n<tr>\n<td><\/td>\n<td><\/td>\n<td><\/td>\n<\/tr>\n<\/thead>\n<tbody>\n<tr>\n<td><strong>Disciplinas\u00a0optativas<\/strong><\/td>\n<td><strong>Docente<\/strong><\/td>\n<td><strong>Hor\u00e1rio<\/strong><\/td>\n<\/tr>\n<tr>\n<td><a href=\"https:\/\/pos-graduacao.uepb.edu.br\/ppgri\/files\/2020\/07\/MiPE8Pyg.pdf\">T\u00f3picos Especiais em Novos Temas: Estudos para a Paz<\/a><\/td>\n<td>Paulo Kuhlmann<\/td>\n<td>2\u00aa \u2013 14h \u00e0s 18h<\/td>\n<\/tr>\n<tr>\n<td><a href=\"https:\/\/pos-graduacao.uepb.edu.br\/ppgri\/files\/2020\/07\/Plano-Filipe.pdf\">Economia Pol\u00edtica Internacional<\/a><\/td>\n<td>Filipe Reis<\/td>\n<td>3\u00aa \u2013 14h \u00e0s 18h<\/td>\n<\/tr>\n<tr>\n<td><a href=\"https:\/\/pos-graduacao.uepb.edu.br\/ppgri\/wp-admin\/upload.php?item=1289\">Seguran\u00e7a Internacional<\/a><\/td>\n<td>F\u00e1bio Nobre<\/td>\n<td>4\u00aa \u2013 08h \u00e0s 12h<\/td>\n<\/tr>\n<tr>\n<td><\/td>\n<td><\/td>\n<\/tr>\n<\/tbody>\n<\/table>\n<p>[\/vc_column_text][\/vc_tta_section][vc_tta_section title=&#8221;Oferta 2020.1&#8243; tab_id=&#8221;1708090050680-9672e054-6a28&#8243;][vc_column_text css=&#8221;&#8221;]<\/p>\n<table style=\"height: 69px;\" width=\"762\">\n<thead>\n<tr>\n<td><strong>Disciplinas obrigat\u00f3rias<\/strong><\/td>\n<td><strong>Docente<\/strong><\/td>\n<td><strong>Hor\u00e1rio<\/strong><\/td>\n<\/tr>\n<\/thead>\n<tbody>\n<tr>\n<td><a href=\"https:\/\/pos-graduacao.uepb.edu.br\/ppgri\/files\/2020\/01\/plano_ensino_MPRI_2020_alexandre_leite.pdf\">Metodologia da Pesquisa em Rela\u00e7\u00f5es Internacionais<\/a><\/td>\n<td>Alexandre C\u00e9sar<\/td>\n<td>5\u00aa \u2013 8h30 \u00e0s 12h30<\/td>\n<\/tr>\n<tr>\n<td>Teoria das Rela\u00e7\u00f5es Internacionais I<\/td>\n<td>Cristina Pacheco<\/td>\n<td>5\u00aa \u2013 13h30 \u00e0s 17h30<\/td>\n<\/tr>\n<tr>\n<td><a href=\"https:\/\/pos-graduacao.uepb.edu.br\/ppgri\/files\/2020\/01\/0.-PlanoAulas2020-TRI2a.pdf\">Teoria das Rela\u00e7\u00f5es Internacionais II<\/a><\/td>\n<td>\u00a0Paulo Kuhlmann<\/td>\n<td>3\u00aa \u2013 13h30 \u00e0s 17h30<\/td>\n<\/tr>\n<\/tbody>\n<\/table>\n<table style=\"height: 69px;\" width=\"762\">\n<thead>\n<tr>\n<td><a href=\"https:\/\/pos-graduacao.uepb.edu.br\/ppgri\/files\/2020\/03\/PEB-MRI-UEPB-1.pdf\">Pol\u00edtica Externa Brasileira<\/a><\/td>\n<td>Carlos Enrique e Filipe Reis<\/td>\n<td>4\u00aa \u2013 14h \u00e0s 18h<\/td>\n<\/tr>\n<\/thead>\n<tbody>\n<tr>\n<td><a href=\"https:\/\/pos-graduacao.uepb.edu.br\/ppgri\/download\/seminario-2020-1\/?wpdmdl=4597&amp;masterkey=O38xEIDAKtZ3ZGuyV2ODQcPq8Qcj445p4YttxG89GxRKtJ74DNDSWBf44t1DgrT30TTKDJZaMVvkurDWceC4YLRFL4cB-o6Tl8jZ3nBIj5yQ\">Semin\u00e1rio de Pesquisa em Rela\u00e7\u00f5es Internacionais<\/a><\/td>\n<td>\u00a0Saulo Felipe e Silvia Nogueira<\/td>\n<td>6\u00aa \u2013 13h \u00e0s 17h<\/td>\n<\/tr>\n<tr>\n<td><\/td>\n<td><\/td>\n<td><\/td>\n<\/tr>\n<tr>\n<td><\/td>\n<td><\/td>\n<td><\/td>\n<\/tr>\n<\/tbody>\n<\/table>\n<p>&nbsp;<\/p>\n<table style=\"height: 182px;\" width=\"756\">\n<thead>\n<tr>\n<td><strong>Disciplinas optativas<\/strong><\/td>\n<td><strong>Docente<\/strong><\/td>\n<td><strong>Hor\u00e1rio<\/strong><\/td>\n<\/tr>\n<\/thead>\n<tbody>\n<tr>\n<td><a href=\"https:\/\/pos-graduacao.uepb.edu.br\/ppgri\/files\/2020\/02\/1-PLANO-DE-CURSO-COOPERA\u00c7\u00c3O-INTERNACIONAL-MESTRADO-2020.1.pdf\">T\u00f3picos Especiais em Coopera\u00e7\u00e3o Internacional<\/a><\/td>\n<td>Fab\u00edola Dunda<\/td>\n<td>3\u00aa \u2013 8h \u00e0s 12h<\/td>\n<\/tr>\n<tr>\n<td><\/td>\n<td><\/td>\n<td><\/td>\n<\/tr>\n<tr>\n<td><a href=\"https:\/\/pos-graduacao.uepb.edu.br\/ppgri\/files\/2020\/02\/MRI-2020-Migra\u00e7\u00f5es.pdf\">T\u00f3picos Especiais em Novos Temas em RI: Migra\u00e7\u00f5es<\/a><\/td>\n<td>Andrea Pac\u00edfico<\/td>\n<td>4\u00aa \u2013 8h \u00e0s 11h<\/td>\n<\/tr>\n<tr>\n<td><a href=\"https:\/\/pos-graduacao.uepb.edu.br\/ppgri\/files\/2020\/01\/Ementa-Anna_Fabio__UEPB_2020_1_corr3-1-1.pdf\">T\u00f3picos Especiais em Novos Temas em Rela\u00e7\u00f5es Internacionais <\/a><\/td>\n<td>Anna Carletti e<\/p>\n<p>F\u00e1bio Bento<\/td>\n<td>10\/02 a 14\/02 e<\/p>\n<p>02\/03 a 13\/03<\/p>\n<p>(8h \u00e0s 12h)<\/td>\n<\/tr>\n<tr>\n<td><\/td>\n<td><\/td>\n<\/tr>\n<\/tbody>\n<\/table>\n<p>[\/vc_column_text][\/vc_tta_section][vc_tta_section title=&#8221;Oferta 2019.2&#8243; tab_id=&#8221;1708090097786-f67d8047-0190&#8243;][vc_column_text css=&#8221;&#8221;]<\/p>\n<table style=\"height: 69px;\" width=\"762\">\n<thead>\n<tr>\n<td><strong>Disciplinas obrigat\u00f3rias<\/strong><\/td>\n<td><strong>Docente<\/strong><\/td>\n<td><strong>Hor\u00e1rio<\/strong><\/td>\n<\/tr>\n<\/thead>\n<tbody>\n<tr>\n<td><a href=\"https:\/\/pos-graduacao.uepb.edu.br\/ppgri\/download\/metodologia-2019-2\/?wpdmdl=4594&amp;masterkey=O_9v9s-tHOt3OJPJOJWw828XtDkGBpOggOnaMDhCUIfwyAQM4Xu6V7m5MhdzMEdYFbSy1iOfgM6lBGMcGMu9x2F4ld-RWxdFEpil_yosu3Bo\">Metodologia da Pesquisa em Rela\u00e7\u00f5es Internacionais<\/a><\/td>\n<td>Paulo Kuhlmann<\/td>\n<td>3\u00aa \u2013 13h \u00e0s 17h<\/td>\n<\/tr>\n<tr>\n<td>Teoria das Rela\u00e7\u00f5es Internacionais I<\/td>\n<td>Cristina Pacheco<\/td>\n<td>5\u00aa \u2013 14h \u00e0s 17h<\/td>\n<\/tr>\n<tr>\n<td><a href=\"https:\/\/pos-graduacao.uepb.edu.br\/ppgri\/files\/2022\/07\/PPGRI-UEPB-Programa-PEB_2019_02.pdf\">Pol\u00edtica Externa Brasileira<\/a><\/td>\n<td>F\u00e1bio Nobre<\/td>\n<td>4\u00aa \u2013 08h \u00e0s 12h<\/td>\n<\/tr>\n<\/tbody>\n<\/table>\n<table style=\"height: 182px;\" width=\"756\">\n<thead>\n<tr>\n<td><a href=\"https:\/\/pos-graduacao.uepb.edu.br\/ppgri\/download\/tri-2-2019-2\/?wpdmdl=4636&amp;masterkey=OjM8LPZhw2pnGxnBv62BOR7F7kHJUaQi5FRdoG3jdDDtPLWuIj1v6PBO-_C0YhGdA9aoSFfep6RbE-HN3qYIFimgfI4wUQ2jMcy9BApaOhuc\">Teoria das Rela\u00e7\u00f5es Internacionais II<\/a><\/td>\n<td>Silvia Nogueira<\/td>\n<td>4\u00aa \u2013 14h \u00e0s 17h<\/td>\n<\/tr>\n<\/thead>\n<tbody>\n<tr>\n<td><strong>Disciplinas\u00a0optativas<\/strong><\/td>\n<td><strong>Docente<\/strong><\/td>\n<td><strong>Hor\u00e1rio<\/strong><\/td>\n<\/tr>\n<tr>\n<td><a href=\"https:\/\/pos-graduacao.uepb.edu.br\/ppgri\/files\/2023\/10\/ementa-do-prof.-Saulo.pdf\">T\u00f3picos Especiais em Novos Temas: Pol\u00edticas P\u00fablicas<\/a><\/td>\n<td>Saulo Felipe<\/td>\n<td>6\u00aa \u2013 14h \u00e0s 18h<\/td>\n<\/tr>\n<tr>\n<td><\/td>\n<td><\/td>\n<td><\/td>\n<\/tr>\n<tr>\n<td><\/td>\n<td><\/td>\n<td><\/td>\n<\/tr>\n<tr>\n<td><\/td>\n<td><\/td>\n<\/tr>\n<\/tbody>\n<\/table>\n<p>[\/vc_column_text][\/vc_tta_section][vc_tta_section title=&#8221;Oferta 2019.1&#8243; tab_id=&#8221;1708090116254-b5988092-db41&#8243;][vc_column_text css=&#8221;&#8221;]<\/p>\n<table style=\"height: 69px;\" width=\"762\">\n<thead>\n<tr>\n<td><strong>Disciplinas obrigat\u00f3rias<\/strong><\/td>\n<td><strong>Docente<\/strong><\/td>\n<td><strong>Hor\u00e1rio<\/strong><\/td>\n<\/tr>\n<\/thead>\n<tbody>\n<tr>\n<td><a href=\"https:\/\/pos-graduacao.uepb.edu.br\/ppgri\/download\/seminario-de-pesquisa-em-relacoes-internacionais\/?wpdmdl=4590&amp;masterkey=O1IeXGTsLol5R7CCH8plHW3SDJ9ERCgur0_n-zzTQddhLBily9-jsGsBERaoSobubse4agGqjLBIMAxj80uFOcq4k-lvwZpSkjhSrFBVMESA\">Semin\u00e1rio de Pesquisa em Rela\u00e7\u00f5es Internacionais<\/a><\/td>\n<td>Andrea Pac\u00edfico e Paulo Kuhlmann<\/td>\n<td>3\u00aa \u2013 8h \u00e0s 11h<\/td>\n<\/tr>\n<tr>\n<td>Teoria das Rela\u00e7\u00f5es Internacionais I<\/td>\n<td>Cristina Pacheco e Raquel Melo<\/td>\n<td>3\u00aa \u2013 13h30 \u00e0s 1 7h30<\/td>\n<\/tr>\n<tr>\n<td><a href=\"https:\/\/pos-graduacao.uepb.edu.br\/ppgri\/download\/metodologia-2019-1\/?wpdmdl=4599&amp;masterkey=OgcUVC_FtocWTGcbPShbY7PDBJrCh2XdM1qYH_sHbWZfnPD3UQrdMnkuW5Tpz1C9o1Zsxr8Cfs9HphC4hisLlZvqNtketRHBewA6milcgAGQ\">Metodologia da Pesquisa em Rela\u00e7\u00f5es Internacionais<\/a><\/td>\n<td>Silvia Nogueira e Saulo Costa<\/td>\n<td>5\u00aa \u2013 14h \u00e0s 18h<\/td>\n<\/tr>\n<\/tbody>\n<\/table>\n<table style=\"height: 182px;\" width=\"756\">\n<thead>\n<tr>\n<td><strong>Disciplinas optativas<\/strong><\/td>\n<td><strong>Docente<\/strong><\/td>\n<td><strong>Hor\u00e1rio<\/strong><\/td>\n<\/tr>\n<\/thead>\n<tbody>\n<tr>\n<td>Economia Pol\u00edtica Internacional<\/td>\n<td>Filipe Reis<\/td>\n<td>4\u00aa \u2013 14h \u00e0s18h<\/td>\n<\/tr>\n<tr>\n<td><a href=\"https:\/\/pos-graduacao.uepb.edu.br\/ppgri\/files\/2022\/07\/Ementa-Cronograma-Plano-de-Aulas-Cooperac\u0327a\u0303o-PPGRI-2019.pdf\">T\u00f3picos Especiais em Pol\u00edtica Externa: Coopera\u00e7\u00e3o Internacional<\/a><\/td>\n<td>F\u00e1bio Nobre<\/td>\n<td>6\u00aa &#8211; 8h \u00e0s 12h<\/td>\n<\/tr>\n<tr>\n<td><\/td>\n<td><\/td>\n<td><\/td>\n<\/tr>\n<tr>\n<td><\/td>\n<td><\/td>\n<td><\/td>\n<\/tr>\n<tr>\n<td><\/td>\n<td><\/td>\n<\/tr>\n<\/tbody>\n<\/table>\n<p>[\/vc_column_text][\/vc_tta_section][vc_tta_section title=&#8221;Oferta 2018.2&#8243; tab_id=&#8221;1708090140489-771d9906-dd7c&#8221;][vc_column_text css=&#8221;&#8221;]<\/p>\n<table style=\"height: 646px;\" width=\"734\">\n<tbody>\n<tr>\n<td width=\"378\"><strong>\u00a0Obrigat\u00f3rias\u00a0\u00a0\u00a0\u00a0\u00a0\u00a0\u00a0\u00a0\u00a0\u00a0\u00a0\u00a0\u00a0\u00a0\u00a0\u00a0\u00a0\u00a0\u00a0\u00a0\u00a0\u00a0\u00a0\u00a0\u00a0\u00a0 <\/strong><\/td>\n<td width=\"255\">Professor(es)<\/td>\n<td width=\"189\">Dia\/Hor\u00e1rio<\/td>\n<\/tr>\n<tr>\n<td width=\"378\"><a href=\"https:\/\/pos-graduacao.uepb.edu.br\/ppgri\/files\/2018\/07\/Teoria-de-Rela\u00e7\u00f5es-Internacionais-II.pdf\">Teoria de Rela\u00e7\u00f5es Internacionais II<\/a><\/td>\n<td width=\"255\">Ana Paula<\/td>\n<td width=\"189\">5\u00aa &#8211; 13:00 \u00e0s 17:00<\/td>\n<\/tr>\n<tr>\n<td width=\"378\"><a href=\"https:\/\/pos-graduacao.uepb.edu.br\/ppgri\/download\/peb-mri-uepb-2021\/?wpdmdl=4632&amp;masterkey=OcdJKLn7DhuGLpsRKRTUEsQkHIMj06W9zemJHHtZmSWi7y9npP5IutGsAfcU2tuNJD4HiVmxb0iZnBBQrPcgtqDceBQv5kyCCQj1iJrX6-qc\">Pol\u00edtica Externa Brasileira<\/a><\/td>\n<td width=\"255\">Carlos Enrique<\/td>\n<td width=\"189\">4\u00aa &#8211; 13:00 \u00e0s 17:00<\/td>\n<\/tr>\n<tr>\n<td width=\"378\"><a href=\"https:\/\/pos-graduacao.uepb.edu.br\/ppgri\/download\/seminario-2018-2\/?wpdmdl=4643&amp;masterkey=OvHTgtV4Mjyc6MNRSPjxhe7Loc9R2gePquDSVtGwuo3MNtz49x1qjsO67MgUGmwSzBAGwTn7E2clSBJltZA3ntT3jvpo-5zn1tfy9IUswnVE\">Semin\u00e1rios de Pesquisa<\/a><\/td>\n<td width=\"255\">Raquel Melo e Silvia Nogueira<\/td>\n<td width=\"189\">3\u00aa &#8211; 14:00 \u00e0s 18:00<\/td>\n<\/tr>\n<tr>\n<td width=\"378\"><strong>OPTATIVAS<\/strong><\/td>\n<td width=\"255\">Professor(es)<\/td>\n<td width=\"189\">Dia\/Hor\u00e1rio<\/td>\n<\/tr>\n<tr>\n<td width=\"378\"><a href=\"https:\/\/pos-graduacao.uepb.edu.br\/ppgri\/files\/2018\/07\/T\u00f3picos-Especiais-em-Teoria-das-Rela\u00e7\u00f5es-Internacionais-An\u00e1lise-do-dilema-das-migra\u00e7\u00f5es-na-sociedade-internacional-contempor\u00e2nea.pdf\">T\u00f3picos Especiais em Teoria das Rela\u00e7\u00f5es Internacionais An\u00e1lise do dilema das migra\u00e7\u00f5es na sociedade internacional contempor\u00e2nea<\/a><\/td>\n<td width=\"255\">Andrea Pac\u00edfico<\/td>\n<td width=\"189\">3\u00aa &#8211; 08:00 \u00e0s 12:00<\/td>\n<\/tr>\n<tr>\n<td width=\"378\"><a href=\"https:\/\/pos-graduacao.uepb.edu.br\/ppgri\/files\/2018\/11\/Plano-de-Aula-GS-MRI-20182-NOVO.pdf\">T\u00f3picos Especiais em Pol\u00edtica Externa: Teoria e Pratica da Grande Estrat\u00e9gia no P\u00f3s Guerra Fria<\/a><\/td>\n<td width=\"255\">Cristina Pacheco<\/td>\n<td width=\"189\">5\u00aa &#8211; 17:30 \u00e0s 20:30<\/td>\n<\/tr>\n<tr>\n<td width=\"378\"><a href=\"https:\/\/pos-graduacao.uepb.edu.br\/ppgri\/files\/2018\/07\/T\u00f3picos-Especiais-em-Quest\u00f5es-de-Seguran\u00e7a-Internacional-Estudos-para-a-Paz.pdf\">T\u00f3picos Especiais em Quest\u00f5es de Seguran\u00e7a Internacional: Estudos para a Paz<\/a><\/td>\n<td width=\"255\">Paulo Kuhlmann<\/td>\n<td width=\"189\">2\u00aa &#8211; 14:00 \u00e0s 18:00<\/td>\n<\/tr>\n<tr>\n<td width=\"378\"><a href=\"https:\/\/pos-graduacao.uepb.edu.br\/ppgri\/files\/2018\/07\/Seguran\u00e7a-Internacional.pdf\">Seguran\u00e7a Internacional<\/a><\/td>\n<td width=\"255\">F\u00e1bio Nobre<\/td>\n<td width=\"189\">6\u00aa &#8211; 08:00 \u00e0s 12:00<\/td>\n<\/tr>\n<\/tbody>\n<\/table>\n<p>[\/vc_column_text][\/vc_tta_section][vc_tta_section title=&#8221;Oferta 2018.1&#8243; tab_id=&#8221;1708090180300-9965121b-96ac&#8221;][vc_column_text]<\/p>\n<table>\n<thead>\n<tr>\n<td><strong>Disciplinas obrigat\u00f3rias<\/strong><\/td>\n<td><strong>Docente<\/strong><\/td>\n<td><strong>Hor\u00e1rio<\/strong><\/td>\n<\/tr>\n<\/thead>\n<tbody>\n<tr>\n<td><a href=\"https:\/\/pos-graduacao.uepb.edu.br\/ppgri\/files\/2017\/12\/Metodologia.pdf\">Metodologia da Pesquisa em Rela\u00e7\u00f5es Internacionais<\/a><\/td>\n<td>Alexandre C\u00e9sar Leite<\/td>\n<td>2\u00aa 09:00 \u00e0s 13:00<\/td>\n<\/tr>\n<tr>\n<td><a href=\"https:\/\/pos-graduacao.uepb.edu.br\/ppgri\/files\/2017\/12\/Semin\u00e1rio.pdf\">Semin\u00e1rio de Pesquisa em Rela\u00e7\u00f5es Internacionais<\/a><\/td>\n<td>Andrea Pac\u00edfico e Silvia Garcia<\/td>\n<td>3\u00aa 09:00 \u00e0s 12:00<\/td>\n<\/tr>\n<tr>\n<td><a href=\"https:\/\/pos-graduacao.uepb.edu.br\/ppgri\/files\/2018\/02\/Carlos-Ruiz-Programa-TRI-teoria-2018.pdf\">Teoria das Rela\u00e7\u00f5es Internacionais I<\/a><\/td>\n<td>Carlos Enrique Ruiz<\/td>\n<td>4\u00aa 09:00 \u00e0s 13:00<\/td>\n<\/tr>\n<\/tbody>\n<\/table>\n<table style=\"height: 176px;\" width=\"778\">\n<thead>\n<tr>\n<td><strong>Disciplinas optativas<\/strong><\/td>\n<td><strong>Docente<\/strong><\/td>\n<td><strong>Hor\u00e1rio<\/strong><\/td>\n<\/tr>\n<\/thead>\n<tbody>\n<tr>\n<td><a href=\"https:\/\/pos-graduacao.uepb.edu.br\/ppgri\/files\/2018\/02\/Filipe-Reis-Economia-Pol\u00edtica-Internacional.pdf\">Economia Pol\u00edtica Internacional<\/a><\/td>\n<td>Filipe Reis<\/td>\n<td>3\u00aa 14:00 \u00e0s 18:00<\/td>\n<\/tr>\n<tr>\n<td>T\u00f3picos Especiais em Teoria das Rela\u00e7\u00f5es Internacionais<\/p>\n<p><a href=\"https:\/\/pos-graduacao.uepb.edu.br\/ppgri\/files\/2017\/12\/Prof\u00aa-Anna-Carletti.pdf\">Prof\u00aa Anna Carletti<\/a><\/p>\n<p><a href=\"https:\/\/pos-graduacao.uepb.edu.br\/ppgri\/files\/2017\/12\/Prof.-F\u00e1bio-R\u00e9gio-Bento.pdf\">Prof. F\u00e1bio R\u00e9gio Bento<\/a><\/td>\n<td>Anna Carletti e F\u00e1bio Bento<\/td>\n<td>Hor\u00e1rio Especial em Fevereiro<\/td>\n<\/tr>\n<tr>\n<td><\/td>\n<td><\/td>\n<td><\/td>\n<\/tr>\n<tr>\n<td><\/td>\n<td><\/td>\n<td><\/td>\n<\/tr>\n<\/tbody>\n<\/table>\n<p>[\/vc_column_text][\/vc_tta_section][vc_tta_section title=&#8221;Oferta 2017.2&#8243; tab_id=&#8221;1708090245206-bb1abf7e-1e3f&#8221;][vc_column_text]<\/p>\n<table style=\"height: 69px;\" width=\"762\">\n<thead>\n<tr>\n<td><strong>Disciplinas obrigat\u00f3rias<\/strong><\/td>\n<td><strong>Docente<\/strong><\/td>\n<td><strong>Hor\u00e1rio<\/strong><\/td>\n<\/tr>\n<\/thead>\n<tbody>\n<tr>\n<td><a href=\"https:\/\/pos-graduacao.uepb.edu.br\/ppgri\/files\/2012\/01\/PPGRI-UEPB-Programa-PEB_2017_02-1.pdf\">Pol\u00edtica Externa Brasileira<\/a><\/td>\n<td>Alexandre C\u00e9sar<\/td>\n<td>3\u00aa 13:00 \u00e0s 17:00<\/td>\n<\/tr>\n<tr>\n<td><a href=\"https:\/\/pos-graduacao.uepb.edu.br\/ppgri\/files\/2017\/07\/TRI_II_MestEmeProg2017.2-Paulo-Kuhlmann.pdf\">Teoria das Rela\u00e7\u00f5es Internacionais II<\/a><\/td>\n<td>Paulo Kuhlmann<\/td>\n<td>4\u00aa 14:00 \u00e0s 18:00<\/td>\n<\/tr>\n<tr>\n<td><\/td>\n<td><\/td>\n<td><\/td>\n<\/tr>\n<\/tbody>\n<\/table>\n<table style=\"height: 182px;\" width=\"756\">\n<thead>\n<tr>\n<td><strong>Disciplinas optativas<\/strong><\/td>\n<td><strong>Docente<\/strong><\/td>\n<td><strong>Hor\u00e1rio<\/strong><\/td>\n<\/tr>\n<\/thead>\n<tbody>\n<tr>\n<td><a href=\"https:\/\/pos-graduacao.uepb.edu.br\/ppgri\/files\/2017\/07\/MRI-2017-Mig-RIC.pdf\">Rela\u00e7\u00f5es Internacionais Contempor\u00e2neas<\/a><\/td>\n<td>Andrea Pac\u00edfico<\/td>\n<td>5\u00aa 08:00 \u00e0s 12:00<\/td>\n<\/tr>\n<tr>\n<td><a href=\"https:\/\/pos-graduacao.uepb.edu.br\/ppgri\/files\/2012\/01\/Ementa-Cronograma-Plano-de-Aulas-SI-PPGRI-2.pdf\">Seguran\u00e7a Internacional<\/a><\/td>\n<td>F\u00e1bio Nobre<\/td>\n<td>6\u00aa 08:00 \u00e0s 12:00<\/td>\n<\/tr>\n<tr>\n<td><a href=\"https:\/\/pos-graduacao.uepb.edu.br\/ppgri\/files\/2017\/07\/APEMestEmeProg2017.2-Cris-Pacheco.pdf\">To\u0301picos Especiais em Poli\u0301tica Externa<\/a><\/td>\n<td>Cristina Pacheco<\/td>\n<td>6\u00aa 14:00 \u00e0s 18:00<\/td>\n<\/tr>\n<tr>\n<td><\/td>\n<td><\/td>\n<td><\/td>\n<\/tr>\n<tr>\n<td><\/td>\n<td><\/td>\n<\/tr>\n<\/tbody>\n<\/table>\n<p>[\/vc_column_text][\/vc_tta_section][vc_tta_section title=&#8221;Oferta 2017.1&#8243; tab_id=&#8221;1708090269774-6c0fb5e0-6666&#8243;][vc_column_text]<\/p>\n<table>\n<thead>\n<tr>\n<td><strong>Disciplinas obrigat\u00f3rias<\/strong><\/td>\n<td><strong>Docente<\/strong><\/td>\n<td><strong>Hor\u00e1rio<\/strong><\/td>\n<\/tr>\n<\/thead>\n<tbody>\n<tr>\n<td><a href=\"https:\/\/pos-graduacao.uepb.edu.br\/ppgri\/files\/2012\/01\/plano_ensino_MPRI_2017.pdf\">Metodologia da Pesquisa em Rela\u00e7\u00f5es Internacionais<\/a><\/td>\n<td>Alexandre C\u00e9sar<\/td>\n<td>3\u00aa 13:00 \u00e0s 17:00<\/td>\n<\/tr>\n<tr>\n<td><a href=\"https:\/\/pos-graduacao.uepb.edu.br\/ppgri\/files\/2012\/01\/Semin\u00e1rio-de-Pesquisa-PPGRI-2017.pdf\">Semin\u00e1rio de Pesquisa em Rela\u00e7\u00f5es Internacionais<\/a><\/td>\n<td>Andrea Pac\u00edfico e Paulo Kuhlmann<\/td>\n<td>5\u00aa 09:00 \u00e0s 12:00<\/td>\n<\/tr>\n<tr>\n<td><a href=\"https:\/\/pos-graduacao.uepb.edu.br\/ppgri\/files\/2012\/01\/TRI-I-Mestrado-2017.1-Plano-de-Curso-.pdf\">Teoria das Rela\u00e7\u00f5es Internacionais I<\/a><\/td>\n<td>Raquel Melo<\/td>\n<td>5\u00aa 14:15 \u00e0s 18:15<\/td>\n<\/tr>\n<\/tbody>\n<\/table>\n<p>&nbsp;<\/p>\n<table>\n<thead>\n<tr>\n<td><strong>Disciplinas optativas<\/strong><\/td>\n<td><strong>Docente<\/strong><\/td>\n<td><strong>Hor\u00e1rio<\/strong><\/td>\n<\/tr>\n<\/thead>\n<tbody>\n<tr>\n<td><a href=\"https:\/\/pos-graduacao.uepb.edu.br\/ppgri\/files\/2012\/01\/To\u0301picos-Especiais-em-Poli\u0301tica-Externa.pdf\">To\u0301picos Especiais em Poli\u0301tica Externa<\/a><\/td>\n<td>Henrique Altemani<\/td>\n<td>2\u00aa 08:30 \u00e0s 12:30<\/td>\n<\/tr>\n<tr>\n<td><a href=\"https:\/\/pos-graduacao.uepb.edu.br\/ppgri\/files\/2012\/01\/Carlos-Ruiz-RI-Utopia-e-Hospitalidade-completo.pdf\">T\u00f3picos Especiais em Novos Temas em Rela\u00e7\u00f5es Internacionais<\/a><\/td>\n<td>Carlos Enrique e Filipe Reis<\/td>\n<td>4\u00aa 14:00 \u00e0s 18:00<\/td>\n<\/tr>\n<tr>\n<td><\/td>\n<td><\/td>\n<td><\/td>\n<\/tr>\n<tr>\n<td><a href=\"https:\/\/pos-graduacao.uepb.edu.br\/ppgri\/files\/2012\/01\/Plano-Saulo-Felipe.pdf\">T\u00f3picos Especiais em Teoria das Rela\u00e7\u00f5es Internacionais<\/a><\/td>\n<td>Saulo Felipe<\/td>\n<td>6\u00aa 14:00 \u00e0s 18:00<\/td>\n<\/tr>\n<tr>\n<td><\/td>\n<td><\/td>\n<td><\/td>\n<\/tr>\n<\/tbody>\n<\/table>\n<p>[\/vc_column_text][\/vc_tta_section][\/vc_tta_tour][\/vc_column][\/vc_row]<\/p>\n<\/div>","protected":false},"excerpt":{"rendered":"<p>[vc_row][vc_column][vc_tta_tour][vc_tta_section title=&#8221;Disciplinas Obrigat\u00f3rias&#8221; tab_id=&#8221;1708089537165-39b7d2c9-32c3&#8243;][vc_column_text css=&#8221;&#8221;][\/vc_column_text][\/vc_tta_section][vc_tta_section title=&#8221;Disciplinas Optativas&#8221; tab_id=&#8221;1708089668865-cf2c85ad-fa7d&#8221;][vc_column_text css=&#8221;&#8221;][\/vc_column_text][\/vc_tta_section][vc_tta_section title=&#8221;Oferta 2026.1&#8243; tab_id=&#8221;1738580644297-2a3b77a8-5cbe&#8221;][vc_column_text css=&#8221;&#8221;] [\/vc_column_text][\/vc_tta_section][vc_tta_section title=&#8221;Oferta 2025.2&#8243; tab_id=&#8221;1770226272216-c2ddb023-c90e&#8221;][vc_column_text css=&#8221;&#8221;] Disciplinas obrigat\u00f3rias Docente Hor\u00e1rio Teoria das Rela\u00e7\u00f5es Internacionais II M\u00f4nica e Silvia 4\u00aa \u2013 8h \u00e0s 12h &nbsp; Disciplinas optativas Docente Hor\u00e1rio T\u00f3picos especiais em novos temas em Rela\u00e7\u00f5es Internacionais: Migra\u00e7\u00e3o e Ref\u00fagio na sociedade internacional contempor\u00e2nea <a class=\"leiamais\" href=\"https:\/\/pos-graduacao.uepb.edu.br\/ppgri\/disciplinas\/\">Leia Mais&#8230;<\/a><\/p>\n","protected":false},"author":5,"featured_media":0,"parent":0,"menu_order":0,"comment_status":"open","ping_status":"open","template":"","meta":{"footnotes":""},"class_list":["post-19","page","type-page","status-publish","hentry"],"_links":{"self":[{"href":"https:\/\/pos-graduacao.uepb.edu.br\/ppgri\/wp-json\/wp\/v2\/pages\/19","targetHints":{"allow":["GET"]}}],"collection":[{"href":"https:\/\/pos-graduacao.uepb.edu.br\/ppgri\/wp-json\/wp\/v2\/pages"}],"about":[{"href":"https:\/\/pos-graduacao.uepb.edu.br\/ppgri\/wp-json\/wp\/v2\/types\/page"}],"author":[{"embeddable":true,"href":"https:\/\/pos-graduacao.uepb.edu.br\/ppgri\/wp-json\/wp\/v2\/users\/5"}],"replies":[{"embeddable":true,"href":"https:\/\/pos-graduacao.uepb.edu.br\/ppgri\/wp-json\/wp\/v2\/comments?post=19"}],"version-history":[{"count":198,"href":"https:\/\/pos-graduacao.uepb.edu.br\/ppgri\/wp-json\/wp\/v2\/pages\/19\/revisions"}],"predecessor-version":[{"id":4675,"href":"https:\/\/pos-graduacao.uepb.edu.br\/ppgri\/wp-json\/wp\/v2\/pages\/19\/revisions\/4675"}],"wp:attachment":[{"href":"https:\/\/pos-graduacao.uepb.edu.br\/ppgri\/wp-json\/wp\/v2\/media?parent=19"}],"curies":[{"name":"wp","href":"https:\/\/api.w.org\/{rel}","templated":true}]}}