{"id":109,"date":"2013-08-28T17:34:42","date_gmt":"2013-08-28T17:34:42","guid":{"rendered":"\/ppgca\/?page_id=109"},"modified":"2025-05-28T13:41:50","modified_gmt":"2025-05-28T13:41:50","slug":"corpo-discente","status":"publish","type":"page","link":"https:\/\/pos-graduacao.uepb.edu.br\/ppgca\/corpo-discente\/","title":{"rendered":"Corpo Discente"},"content":{"rendered":"<div class=\"wpb-content-wrapper\"><p>[vc_row][vc_column][vc_tta_accordion title_tag=&#8221;h3&#8243; section_title_tag=&#8221;h2&#8243; style=&#8221;modern&#8221; c_icon=&#8221;triangle&#8221; active_section=&#8221;&#8221; collapsible_all=&#8221;true&#8221;][vc_tta_section title=&#8221;2025&#8243; tab_id=&#8221;1718391308383-38e8ac20-7361&#8243;][vc_column_text css=&#8221;.vc_custom_1748437904590{margin-top: 20px !important;}&#8221;]<\/p>\n<ol>\n<li>AGDA SOFIA GUEDES DUARTE DO BU<\/li>\n<li>ANA GABRIELA ALVES BATISTA<\/li>\n<li>ANDERSON KELVIN DE LUCENA SIQUEIRA<\/li>\n<li>ELIZABETH LINS LEITE<\/li>\n<li>IAN LEVI NUNES TORRES<\/li>\n<li>JESSICA AGRA GUIMAR\u00c3ES<\/li>\n<li>JOS\u00c9 LUCAS DA SILVA BACALHAU<\/li>\n<li>LUAN CORDEIRO DE SOUZA BARBOSA<\/li>\n<li>LUCAS KELVY SALES AZEVEDO<\/li>\n<li>MARIA LUIZA ANDRADE DE FARIAS AIRES<\/li>\n<li>VIVIANE SILVA MARTINS<\/li>\n<\/ol>\n<p>[\/vc_column_text][\/vc_tta_section][vc_tta_section title=&#8221;2024&#8243; tab_id=&#8221;1748437639917-8970cc12-e2f6&#8243;][vc_column_text css=&#8221;.vc_custom_1748437925658{margin-top: 20px !important;}&#8221;]<\/p>\n<ol>\n<li class=\"western\">AFONSO BARBOSA J\u00daNIOR<\/li>\n<li class=\"western\">ANA PAULA DE SOUZA FERREIRA<\/li>\n<li class=\"western\">BARBARA DA SILVA LIMA<\/li>\n<li class=\"western\">CATARINA ARAUJO DE SOUZA<\/li>\n<li class=\"western\">EUL\u00c1LIA MARGARETHE DA COSTA MELO<\/li>\n<li class=\"western\">JO\u00c3O PEDRO RICARTE AZEVEDO<\/li>\n<li class=\"western\">JOELMA NAYARA SILVA XAVIER<\/li>\n<li class=\"western\">MAIRLA MARIA ALVES DE SOUZA<\/li>\n<li class=\"western\">MARIA BARTIRA CHAVES DE SOUZA SILVA<\/li>\n<li class=\"western\">MARIA EDUARDA DE SANTANA BEZERRA<\/li>\n<li class=\"western\">MARIA S\u00d4NIA LOPES DA SILVA<\/li>\n<li class=\"western\">PATRICIA SILVA DE MELO<\/li>\n<li class=\"western\">ROSANA ARAUJO MARTINS LUCENA<\/li>\n<li class=\"western\">THAYNARA SILVA RAMOS<\/li>\n<li class=\"western\">THUANE BARBOSA MEDEIROS FRANCO<\/li>\n<li class=\"western\">VIN\u00cdCIUS DE SOUZA TEIXEIRA<\/li>\n<\/ol>\n<p>[\/vc_column_text][\/vc_tta_section][vc_tta_section title=&#8221;2023 e 2023.2&#8243; tab_id=&#8221;1718391365244-a3f84fd2-1a01&#8243;][vc_row_inner css=&#8221;.vc_custom_1718391533282{margin-top: 20px !important;}&#8221;][vc_column_inner width=&#8221;1\/2&#8243;][vc_column_text css=&#8221;&#8221;]<strong>2023.1<\/strong><\/p>\n<ul>\n<li>Alicia Camila Zeferino da Silva<\/li>\n<li>Gabriel de Sousa Silva<\/li>\n<li>Jessica Sousa Nobrega<\/li>\n<li>Lucas Matheus Carvalho Ribeiro Alves<\/li>\n<li>Magali Haid\u00e9e Pereira Mart\u00ednez<\/li>\n<li>Priscylla Marques de Oliveira Viana<\/li>\n<\/ul>\n<p>[\/vc_column_text][\/vc_column_inner][vc_column_inner width=&#8221;1\/2&#8243;][vc_column_text css=&#8221;&#8221;]<strong>2023.2<\/strong><\/p>\n<ol>\n<li><span style=\"font-family: Times New Roman, serif\"><span style=\"font-size: medium\">Deibson Teixeira da Costa<\/span><\/span><\/li>\n<li><span style=\"font-family: Times New Roman, serif\"><span style=\"font-size: medium\">Jade Irg-ma de Oliveira Litran dos Santos<\/span><\/span><\/li>\n<li><span style=\"font-family: Times New Roman, serif\"><span style=\"font-size: medium\">Adrielly Karoliny de Lima<\/span><\/span><\/li>\n<li><span style=\"font-family: Times New Roman, serif\"><span style=\"font-size: medium\">Ionara Estefany Nunes da Silva<\/span><\/span><\/li>\n<li><span style=\"font-family: Times New Roman, serif\"><span style=\"font-size: medium\">Yanna Maisa Leit\u00e3o<\/span><\/span><\/li>\n<li><span style=\"font-family: Times New Roman, serif\"><span style=\"font-size: medium\">Erika Fernandes Gomes<\/span><\/span><\/li>\n<li><span style=\"font-family: Times New Roman, serif\"><span style=\"font-size: medium\">Kallyne Karen Andrade Nascimento<\/span><\/span><\/li>\n<li><span style=\"font-family: Times New Roman, serif\"><span style=\"font-size: medium\">Josiv\u00e2nia Ara\u00fajo Duarte<\/span><\/span><\/li>\n<li><span style=\"font-family: Times New Roman, serif\"><span style=\"font-size: medium\">Daniel Ferreira da Silva<\/span><\/span><\/li>\n<li><span style=\"font-family: Times New Roman, serif\"><span style=\"font-size: medium\"><span style=\"color: #000000\">Bruno Victor de Castro<\/span><\/span><\/span><\/li>\n<\/ol>\n<p>[\/vc_column_text][\/vc_column_inner][\/vc_row_inner][\/vc_tta_section][vc_tta_section title=&#8221;2022 e 2022.2&#8243; tab_id=&#8221;1748438083518-60a43c4d-5774&#8243;][vc_row_inner css=&#8221;.vc_custom_1718391533282{margin-top: 20px !important;}&#8221;][vc_column_inner width=&#8221;1\/2&#8243;][vc_column_text]<strong>2022<\/strong><\/p>\n<ul>\n<li>DENISE DA SILVA RAMOS<\/li>\n<li>GISLAYNE KAYNE GOMES DA CRUZ<\/li>\n<li>JOSE FLAVIO RAMOS DE QUEIROZ<\/li>\n<li>MAYK BEZERRA DE ALBUQUERQUE MELO<\/li>\n<li>RAFAEL WYLLES DA SILVA ARA\u00daJO<\/li>\n<li>RAMON QUARESMA ZEFERINO<\/li>\n<li>RAYANNE SILVA DE ALENCAR<\/li>\n<li>ROG\u00c9RIO FREIRE DA SILVA<\/li>\n<li>SAMUEL FERREIRA CAMELO<\/li>\n<li>VIT\u00d3RIA SASKIA FERREIRA BARROSO<\/li>\n<li>WELISSON MACIEL BARBOSA<\/li>\n<\/ul>\n<p>[\/vc_column_text][\/vc_column_inner][vc_column_inner width=&#8221;1\/2&#8243;][vc_column_text]<strong>2022.2<\/strong><\/p>\n<ul>\n<li>GUILHERME FELIX DIAS<\/li>\n<li>JAMILLE DE LIMA RODRIGUES<\/li>\n<li>JUNIOR VIEGAS SOARES<\/li>\n<li>LAYSLA LOPES NUNES<\/li>\n<li>RAQUEL DA SILVA FERREIRA<\/li>\n<li>SAYONARA MEDEIROS DUARTE<\/li>\n<\/ul>\n<p>[\/vc_column_text][\/vc_column_inner][\/vc_row_inner][\/vc_tta_section][vc_tta_section title=&#8221;2021&#8243; tab_id=&#8221;1718391363992-f201538a-cae6&#8243;][vc_column_text css=&#8221;.vc_custom_1718391565616{margin-top: 20px !important;}&#8221;]<\/p>\n<ul>\n<li><span class=\"tm5\">ANDREZA L\u00daCIO DA COSTA<\/span><\/li>\n<li><span class=\"tm5\">CAMILA LIMA DO NASCIMENTO<\/span><\/li>\n<li><span class=\"tm5\">GABRIELLY KETLY VIDAL DE OLIVEIRA<\/span><\/li>\n<li><span class=\"tm5\">IZAMARA GESIELE BEZERRA DE OLIVEIRA<\/span><\/li>\n<li><span class=\"tm5\">JAILMA SOUZA THOMAZ<\/span><\/li>\n<li><span class=\"tm5\">LARISSA LANAY GERMANO DE QUEIROZ<\/span><\/li>\n<li><span class=\"tm5\">LUANA DE AZEVEDO DANTAS<\/span><\/li>\n<li><span class=\"tm5\">MARCELO ROCHA IPUCHIMA<\/span><\/li>\n<\/ul>\n<p>[\/vc_column_text][\/vc_tta_section][vc_tta_section title=&#8221;2020&#8243; tab_id=&#8221;1718391362680-0c1e1d63-a798&#8243;][vc_column_text css=&#8221;.vc_custom_1718391589916{margin-top: 20px !important;}&#8221;]<\/p>\n<ul>\n<li>ANDERSON REGES DOS SANTOS<\/li>\n<li>HALANNA CAMPOS PORTO<\/li>\n<li>IRACEMA DE AZEVEDO MONTE PAIVA<\/li>\n<li>WEDSON ALEFF OLIVEIRA DA SILVA<\/li>\n<li>SABRINA SILVA PEREIRA<\/li>\n<li>TARDELLY DE ANDRADE LIMA<\/li>\n<li>AMANDA FERREIRA DA SILVA<\/li>\n<li>SEVERINO MOREIRA DA SILVA<\/li>\n<li>PAULO DE SOUZA ALBUQUERQUE JUNIOR<\/li>\n<li>KALINE DE SOUZA MEIRA<\/li>\n<\/ul>\n<p>[\/vc_column_text][\/vc_tta_section][vc_tta_section title=&#8221;2019&#8243; tab_id=&#8221;1718391361963-adb39e55-8952&#8243;][vc_column_text css=&#8221;.vc_custom_1718391634940{margin-top: 20px !important;}&#8221;]<\/p>\n<ul>\n<li>Alexandre Eug\u00eanio da Silva<\/li>\n<li>Cristiano Oliveira Bonfim<\/li>\n<li>Dayse Freitas de Sousa<\/li>\n<li>Francisco Tiberyo Freires Neves<\/li>\n<li>Giliard Bruno Primo de Lima<\/li>\n<li>Igor Eneas Cavalcante<\/li>\n<li>Ivanice da Silva Santos<\/li>\n<li>Jos\u00e9 Edson Louren\u00e7o dos Santos<\/li>\n<li>Luana dos Santos Carneiro<\/li>\n<li>Ruth da Silva Ramos<\/li>\n<\/ul>\n<p>[\/vc_column_text][\/vc_tta_section][vc_tta_section title=&#8221;2018&#8243; tab_id=&#8221;1718391606811-0697253f-e373&#8243;][vc_column_text css=&#8221;.vc_custom_1718391656070{margin-top: 20px !important;}&#8221;]<\/p>\n<ul>\n<li>Bruna Cavalcante dos Santos<\/li>\n<li>Bruna La\u00eds Nascimento Alves<\/li>\n<li>Djailon Ramos de Figueiredo<\/li>\n<li>Joan Carlos Santos de Assis<\/li>\n<li>Jucelino de Sousa Lima<\/li>\n<li>Jutahy Jorge Elias<\/li>\n<li>Larissa de Sousa S\u00e1tiro<\/li>\n<li>Luana Apena Dantas<\/li>\n<li>Mar\u00edlia de Macedo Duarte Morais<\/li>\n<li>Raphael Silva Jovino<\/li>\n<li>Rayanne Ferreira Faustino<\/li>\n<li>Sabrina Kelly dos Santos<\/li>\n<li>Samuel Brilhante Gon\u00e7alves<\/li>\n<li>Valdeir de Souza Oliveira<\/li>\n<li>Vanderl\u00e9ia Fernanda dos Santos Ara\u00fajo<\/li>\n<\/ul>\n<p>[\/vc_column_text][\/vc_tta_section][vc_tta_section title=&#8221;2017&#8243; tab_id=&#8221;1718391606338-0c386fbc-aeab&#8221;][vc_column_text css=&#8221;.vc_custom_1718391674960{margin-top: 20px !important;}&#8221;]<\/p>\n<ul>\n<li>B\u00e1rbara Belchior Bezerra<\/li>\n<li>Elioenai Toscano de Azevedo<\/li>\n<li>Fabr\u00edcia de F\u00e1tima Ara\u00fajo Chaves<\/li>\n<li>Itallo Harlan Reinaldo Alves Gomes<\/li>\n<li>Josivaldo da Silva Galdino<\/li>\n<li>Katyanne Maciel Costa Pereira<\/li>\n<li>Leandro de Ara\u00fajo<\/li>\n<li>Lidiane Rodrigues Diniz<\/li>\n<li>Luana Camilla Cordeiro Braz<\/li>\n<li>Renato Cardoso Jales Filho<\/li>\n<li>Rog\u00e9rio Freire da Silva<\/li>\n<li>Ruan dos Santos Silva<\/li>\n<li>Sebastiana Joelma de Azevedo Santos<\/li>\n<\/ul>\n<p>[\/vc_column_text][\/vc_tta_section][vc_tta_section title=&#8221;2016&#8243; tab_id=&#8221;1718391605714-d6b29452-5514&#8243;][vc_column_text css=&#8221;.vc_custom_1718391705198{margin-top: 20px !important;}&#8221;]<\/p>\n<ul>\n<li><a href=\"http:\/\/lattes.cnpq.br\/2490154344794934\">Aline Dayanna Alves de Lima Marcelino<\/a><\/li>\n<li><a href=\"http:\/\/lattes.cnpq.br\/8930955442026676\">Duval Chagas da Silva<\/a><\/li>\n<li><a href=\"http:\/\/lattes.cnpq.br\/1546518682972521\">Eug\u00eanio Gon\u00e7alves da Silva J\u00fanior<\/a><\/li>\n<li><a href=\"http:\/\/lattes.cnpq.br\/9190794249551632\">Geovana Priscilla da Silva<\/a><\/li>\n<li><a href=\"http:\/\/lattes.cnpq.br\/6203441110360214\">Gilmar Silva Oliveira<\/a><\/li>\n<li><a href=\"http:\/\/lattes.cnpq.br\/3861952236407969\">Igor Wesley Losacco<\/a><\/li>\n<li><a href=\"http:\/\/lattes.cnpq.br\/4691246533289046\">Karoline da Silva Farias<\/a><\/li>\n<li><a href=\"http:\/\/lattes.cnpq.br\/7939020704498660\">Maria de F\u00e1tima Caetano Da Silva<\/a><\/li>\n<li><a href=\"http:\/\/lattes.cnpq.br\/3190690753548411\">Maria Jos\u00e9 de Queiroz<\/a><\/li>\n<li><a href=\"http:\/\/lattes.cnpq.br\/5321856344613063\">Maysa Pereira Tom\u00e9<\/a><\/li>\n<li><a href=\"http:\/\/lattes.cnpq.br\/1156250587826233\">Nath\u00e1lya Carvalho Farias<\/a><\/li>\n<li><a href=\"http:\/\/lattes.cnpq.br\/1844019155823429\">Samara Lima Brito<\/a><\/li>\n<li><a href=\"http:\/\/lattes.cnpq.br\/7259549344494975\">Wellerson Leite de Andrade<\/a><\/li>\n<\/ul>\n<p>[\/vc_column_text][\/vc_tta_section][vc_tta_section title=&#8221;2015&#8243; tab_id=&#8221;1718391604560-e2a35990-b60f&#8221;][vc_column_text css=&#8221;.vc_custom_1718391725343{margin-top: 20px !important;}&#8221;]<\/p>\n<ul>\n<li><a href=\"http:\/\/lattes.cnpq.br\/1724185789388492\" target=\"_blank\" rel=\"noopener noreferrer\">Bruna Regina dos Santos Silva<\/a><\/li>\n<li><a href=\"http:\/\/lattes.cnpq.br\/7136437377077053\" target=\"_blank\" rel=\"noopener noreferrer\">Dami\u00e3o Raniere Queiroz<\/a><\/li>\n<li><a href=\"http:\/\/lattes.cnpq.br\/2649177012492998\" target=\"_blank\" rel=\"noopener noreferrer\">Edilene Daniel de Ara\u00fajo<\/a><\/li>\n<li><a href=\"http:\/\/lattes.cnpq.br\/2302666829204273\" target=\"_blank\" rel=\"noopener noreferrer\">Erika Carla Fernandes de Macedo<\/a><\/li>\n<li><a href=\"http:\/\/lattes.cnpq.br\/2088717295267941\" target=\"_blank\" rel=\"noopener noreferrer\">Jeneilson Alves da Silva<\/a><\/li>\n<li><a href=\"http:\/\/lattes.cnpq.br\/9818712853130370\" target=\"_blank\" rel=\"noopener noreferrer\">Jonnathan Whiny Moraes dos Santos<\/a><\/li>\n<li><a href=\"http:\/\/lattes.cnpq.br\/8334980166494571\" target=\"_blank\" rel=\"noopener noreferrer\">Magaly Morgana Lopes da Costa<\/a><\/li>\n<li><a href=\"http:\/\/lattes.cnpq.br\/5568390798434700\" target=\"_blank\" rel=\"noopener noreferrer\">Nadja Glaucia de Melo Souza<\/a><\/li>\n<li><a href=\"http:\/\/lattes.cnpq.br\/5830042949428017\" target=\"_blank\" rel=\"noopener noreferrer\">Rommel Raphael Santos de Albuquerque<\/a><\/li>\n<li><a href=\"http:\/\/lattes.cnpq.br\/6353690910547705\" target=\"_blank\" rel=\"noopener noreferrer\">Silmara Chaves de Souza<\/a><\/li>\n<li><a href=\"http:\/\/lattes.cnpq.br\/1237855191619901\" target=\"_blank\" rel=\"noopener noreferrer\">Vanessa da Silva Guedes<\/a><\/li>\n<\/ul>\n<p>[\/vc_column_text][\/vc_tta_section][vc_tta_section title=&#8221;2014&#8243; tab_id=&#8221;1718391603750-719fa425-806f&#8221;][vc_column_text css=&#8221;.vc_custom_1718391743054{margin-top: 20px !important;}&#8221;]<\/p>\n<ul>\n<li><a href=\"http:\/\/lattes.cnpq.br\/4412236278579248\">Anselmo Ferreira da Silva<\/a><\/li>\n<li><a href=\"http:\/\/lattes.cnpq.br\/4978983796827788\">Antonio Manoel da Silva Filho<\/a><\/li>\n<li><a href=\"http:\/\/lattes.cnpq.br\/0544058103725077\">Carisa da Rocha da Silva<\/a><\/li>\n<li><a href=\"http:\/\/lattes.cnpq.br\/4665678940861549\">Dalila Ribeiro Rodrigues<\/a><\/li>\n<li><a href=\"http:\/\/lattes.cnpq.br\/2906559191339943\">Daniella Duarte Barbosa<\/a><\/li>\n<li><a href=\"http:\/\/lattes.cnpq.br\/9412941771674844\">Emannuella Hayanna Alves de Lira<\/a><\/li>\n<li><a href=\"http:\/\/lattes.cnpq.br\/1478205419354551\">Emanuela Maria da Silva<\/a><\/li>\n<li><a href=\"http:\/\/lattes.cnpq.br\/5689581863997066\">Eveline de Sousa Ara\u00fajo<\/a><\/li>\n<li><a href=\"http:\/\/lattes.cnpq.br\/5239754664014303\">Jos\u00e9 Celson Braga Fernades<\/a><\/li>\n<li><a href=\"http:\/\/lattes.cnpq.br\/7269743657129099\">Maria Idaline Pessoa Cavalcanti<\/a><\/li>\n<li><a href=\"http:\/\/lattes.cnpq.br\/2579814318039015\">Ramon Freire da Silva<\/a><\/li>\n<li><a href=\"http:\/\/lattes.cnpq.br\/9387552573060619\">Rayssa Ribeiro da Costa<\/a><\/li>\n<li><a href=\"http:\/\/lattes.cnpq.br\/8971613708963789\">Renata Priscila Almeida Silva<\/a><\/li>\n<li><a href=\"http:\/\/lattes.cnpq.br\/9747229181408598\">Ruana Chagas da Silva<\/a><\/li>\n<li><a href=\"http:\/\/lattes.cnpq.br\/6370607345698336\">Saint-Clear Sena e Santos<\/a><\/li>\n<li><a href=\"http:\/\/lattes.cnpq.br\/4531977469177846\">Silvia Ramos de Oliveira<\/a><\/li>\n<li><a href=\"http:\/\/lattes.cnpq.br\/9794281390983448\">Thiele da Silva Carvalho<\/a><\/li>\n<li><a href=\"http:\/\/lattes.cnpq.br\/9816240382365540\">Ubieli Alves Ara\u00fajo Vasconcelos<\/a><\/li>\n<li><a href=\"http:\/\/lattes.cnpq.br\/0168852772292564\">Walmir\u00a0 Souza Vasconcelos<\/a><\/li>\n<\/ul>\n<p>[\/vc_column_text][\/vc_tta_section][vc_tta_section title=&#8221;2013&#8243; tab_id=&#8221;1718391603082-09a7d865-d4c2&#8243;][vc_column_text css=&#8221;.vc_custom_1718391771930{margin-top: 20px !important;}&#8221;]<\/p>\n<ul>\n<li><a href=\"http:\/\/lattes.cnpq.br\/5222441410325126\" target=\"_blank\" rel=\"noopener noreferrer\">Adriana Concei\u00e7\u00e3o da Silva<\/a><\/li>\n<li><a href=\"http:\/\/lattes.cnpq.br\/7709616429760512\">Ana L\u00edgia Aureliano de Lima e Silva<\/a><\/li>\n<li><a href=\"http:\/\/lattes.cnpq.br\/4040700847510835\" target=\"_blank\" rel=\"noopener noreferrer\">Ciro Igor Torres Sizenando<\/a><\/li>\n<li><a href=\"http:\/\/lattes.cnpq.br\/3858911478543985\" target=\"_blank\" rel=\"noopener noreferrer\">Gean Bezerra da Costa<\/a><\/li>\n<li><a href=\"http:\/\/lattes.cnpq.br\/2597238593552049\" target=\"_blank\" rel=\"noopener noreferrer\">Geisenilma Maria Gon\u00e7alves da Rocha<\/a><\/li>\n<li><a href=\"http:\/\/lattes.cnpq.br\/1501020043640026\" target=\"_blank\" rel=\"noopener noreferrer\">Ingredy Meneses Cavalcanti de Albuquerque<\/a><\/li>\n<li><a href=\"http:\/\/lattes.cnpq.br\/7577098481830946\" target=\"_blank\" rel=\"noopener noreferrer\">Isaias Vitorino Batista Almeida<\/a><\/li>\n<li><a href=\"http:\/\/lattes.cnpq.br\/3966886446445173\" target=\"_blank\" rel=\"noopener noreferrer\">Jean Pierre Cordeiro Ramos<\/a><\/li>\n<li><a href=\"http:\/\/lattes.cnpq.br\/4997942243224858\" target=\"_blank\" rel=\"noopener noreferrer\">Luanna Maria Beserra Filgueiras<\/a><\/li>\n<li><a href=\"http:\/\/lattes.cnpq.br\/8214584260548412\" target=\"_blank\" rel=\"noopener noreferrer\">Suziane Gomes Gon\u00e7alves<\/a><\/li>\n<li><a href=\"http:\/\/lattes.cnpq.br\/5629081249790345\" target=\"_blank\" rel=\"noopener noreferrer\">Thiago Anderson Oliveira de Azevedo<\/a><\/li>\n<li><a href=\"http:\/\/lattes.cnpq.br\/5104379373386609\" target=\"_blank\" rel=\"noopener noreferrer\">Wellison Filgueiras Dutra<\/a><\/li>\n<\/ul>\n<p>[\/vc_column_text][\/vc_tta_section][vc_tta_section title=&#8221;2012&#8243; tab_id=&#8221;1718391602607-493d652d-efea&#8221;][vc_column_text css=&#8221;.vc_custom_1718391793002{margin-top: 20px !important;}&#8221;]<\/p>\n<ul>\n<li><a href=\"http:\/\/lattes.cnpq.br\/6141182787847776\" target=\"_blank\" rel=\"noopener noreferrer\">Alexandre Muniz Siqueira de Souza<\/a><\/li>\n<li><a href=\"http:\/\/lattes.cnpq.br\/7537337855342800\" target=\"_blank\" rel=\"noopener noreferrer\">Alisson Rafael Ferreira da Silva<\/a><\/li>\n<li><a href=\"http:\/\/lattes.cnpq.br\/0706396041205380\" target=\"_blank\" rel=\"noopener noreferrer\">Ang\u00e9lica Talita Avelino do Nascimento<\/a><\/li>\n<li><a href=\"http:\/\/lattes.cnpq.br\/9680249528199602\" target=\"_blank\" rel=\"noopener noreferrer\">Demetrius Jos\u00e9 da Silva<\/a><\/li>\n<li><a href=\"http:\/\/lattes.cnpq.br\/4032061022553667\" target=\"_blank\" rel=\"noopener noreferrer\">G\u00e9ssica La\u00edze Berto Gomes<\/a><\/li>\n<li><a href=\"http:\/\/lattes.cnpq.br\/6178416294455754\" target=\"_blank\" rel=\"noopener noreferrer\">K\u00e1tia Otilia Gomes Dutra<\/a><\/li>\n<li><a href=\"http:\/\/lattes.cnpq.br\/7750784717024890\" target=\"_blank\" rel=\"noopener noreferrer\">Talyta Thereza Gon\u00e7alves<\/a><\/li>\n<li><a href=\"http:\/\/lattes.cnpq.br\/0991322234206601\" target=\"_blank\" rel=\"noopener noreferrer\">Vandeir Gouveia Dias<\/a><\/li>\n<li><a href=\"http:\/\/lattes.cnpq.br\/9368113119236940\" target=\"_blank\" rel=\"noopener noreferrer\">Victor Hugo Santos de Assis<\/a><\/li>\n<li><a href=\"http:\/\/lattes.cnpq.br\/2454272656478804\" target=\"_blank\" rel=\"noopener noreferrer\">Yuri Eulalio Raposo Lacerda<\/a><\/li>\n<\/ul>\n<p>[\/vc_column_text][\/vc_tta_section][vc_tta_section title=&#8221;2011&#8243; tab_id=&#8221;1718391602111-fda23031-d7f9&#8243;][vc_column_text css=&#8221;.vc_custom_1718391821050{margin-top: 20px !important;}&#8221;]Disserta\u00e7\u00f5es defendidas:<\/p>\n<ul>\n<li><a href=\"http:\/\/lattes.cnpq.br\/0497994468065607\" target=\"_blank\" rel=\"noopener noreferrer\">Darlene Maria Silva<\/a><\/li>\n<li><a href=\"http:\/\/lattes.cnpq.br\/3836928174191943\" target=\"_blank\" rel=\"noopener noreferrer\">David Douglas de Sousa Fernandes<\/a><\/li>\n<li><a href=\"http:\/\/lattes.cnpq.br\/3029893090242223\" target=\"_blank\" rel=\"noopener noreferrer\">Emanuelle Barros Sobral de Melo<\/a><\/li>\n<li><a href=\"http:\/\/lattes.cnpq.br\/0803215813357312\" target=\"_blank\" rel=\"noopener noreferrer\">Gerckson Maciel Rodrigues Alves<\/a><\/li>\n<li><a href=\"http:\/\/lattes.cnpq.br\/7798978163369852\" target=\"_blank\" rel=\"noopener noreferrer\">Genelicio Souza Carvalho J\u00fanior<\/a><\/li>\n<li><a href=\"http:\/\/lattes.cnpq.br\/0827382761547185\">Germana Rosy Medeiros de Sousa<\/a><\/li>\n<li><a href=\"http:\/\/lattes.cnpq.br\/0587195257069109\" target=\"_blank\" rel=\"noopener noreferrer\">Klerisson Vidal de Negreiros<\/a><\/li>\n<li><a href=\"http:\/\/lattes.cnpq.br\/8160795351560347\" target=\"_blank\" rel=\"noopener noreferrer\">Milena Silva Porto<\/a><\/li>\n<li><a href=\"http:\/\/lattes.cnpq.br\/2148730994217070\" target=\"_blank\" rel=\"noopener noreferrer\">Monaliza Rodrigues Claudino<\/a><\/li>\n<li><a href=\"http:\/\/lattes.cnpq.br\/6366563014813820\" target=\"_blank\" rel=\"noopener noreferrer\">Patr\u00edcia de Lima Martins<\/a><\/li>\n<li><a href=\"http:\/\/lattes.cnpq.br\/8891470007723484\" target=\"_blank\" rel=\"noopener noreferrer\">Pollyne Borborema Alves de Almeida<\/a><\/li>\n<li><a href=\"http:\/\/lattes.cnpq.br\/2625149678805511\" target=\"_blank\" rel=\"noopener noreferrer\">Ta\u00edza da Cunha Soares<\/a><\/li>\n<\/ul>\n<p>[\/vc_column_text][\/vc_tta_section][vc_tta_section title=&#8221;2010&#8243; tab_id=&#8221;1718391601442-f5cdd4db-e3ce&#8221;][vc_column_text css=&#8221;.vc_custom_1718391840182{margin-top: 20px !important;}&#8221;]<\/p>\n<ul>\n<li><a href=\"http:\/\/lattes.cnpq.br\/5932363115156617\" target=\"_blank\" rel=\"noopener noreferrer\">Alexson Filgueiras Dutra<\/a><\/li>\n<li><a href=\"http:\/\/lattes.cnpq.br\/2928436036801860\" target=\"_blank\" rel=\"noopener noreferrer\">Ang\u00e9lica Torres Vilar de Farias<\/a><\/li>\n<li><a href=\"http:\/\/lattes.cnpq.br\/9789996197594558\" target=\"_blank\" rel=\"noopener noreferrer\">Dalva Maria Almeida Silva<\/a><\/li>\n<li><a href=\"http:\/\/lattes.cnpq.br\/8674296784007686\" target=\"_blank\" rel=\"noopener noreferrer\">Elizandra Ribeiro de Lima Pereira<\/a><\/li>\n<li><a href=\"http:\/\/lattes.cnpq.br\/1450086883592281\" target=\"_blank\" rel=\"noopener noreferrer\">Fabianne Vasconcelos Dantas<\/a><\/li>\n<li><a href=\"http:\/\/lattes.cnpq.br\/1860055141428917\" target=\"_blank\" rel=\"noopener noreferrer\">Fl\u00e1via Monique da Silva Sales<\/a><\/li>\n<li><a href=\"https:\/\/pos-graduacao.uepb.edu.br\/ppgca\/corpo-discente\/Ivomberg%20Dourado%20Magalh%C3%A3es\" target=\"_blank\" rel=\"noopener noreferrer\">Ivomberg Dourado Magalh\u00e3es<\/a><\/li>\n<li><a href=\"http:\/\/lattes.cnpq.br\/4497646635648752\" target=\"_blank\" rel=\"noopener noreferrer\">Juliara dos Santos Silva<\/a><\/li>\n<li><a href=\"http:\/\/lattes.cnpq.br\/9291558551384580\" target=\"_blank\" rel=\"noopener noreferrer\">Lucimara Ferreira de Figueredo<\/a><\/li>\n<li><a href=\"http:\/\/lattes.cnpq.br\/6828426869554032\" target=\"_blank\" rel=\"noopener noreferrer\">Marcelo Marques de Fontes<\/a><\/li>\n<li><a href=\"http:\/\/lattes.cnpq.br\/8198767703855831\" target=\"_blank\" rel=\"noopener noreferrer\">Rener Luciano de Souza Ferraz<\/a><\/li>\n<li><a href=\"http:\/\/lattes.cnpq.br\/9925615589068674\" target=\"_blank\" rel=\"noopener noreferrer\">Samara da Silva Sousa<\/a><\/li>\n<li><a href=\"http:\/\/lattes.cnpq.br\/0500928867964097\" target=\"_blank\" rel=\"noopener noreferrer\">Talita de Farias Sousa Barros<\/a><\/li>\n<li><a href=\"http:\/\/lattes.cnpq.br\/7818823172874534\" target=\"_blank\" rel=\"noopener noreferrer\">Vandr\u00e9 Guevara Lyra Batista<\/a><\/li>\n<li><a href=\"http:\/\/lattes.cnpq.br\/1241665784590837\" target=\"_blank\" rel=\"noopener noreferrer\">Wesley de Assis Pereira<\/a><\/li>\n<\/ul>\n<p>[\/vc_column_text][\/vc_tta_section][\/vc_tta_accordion][\/vc_column][\/vc_row]<\/p>\n<\/div>","protected":false},"excerpt":{"rendered":"<p>[vc_row][vc_column][vc_tta_accordion title_tag=&#8221;h3&#8243; section_title_tag=&#8221;h2&#8243; style=&#8221;modern&#8221; c_icon=&#8221;triangle&#8221; active_section=&#8221;&#8221; collapsible_all=&#8221;true&#8221;][vc_tta_section title=&#8221;2025&#8243; tab_id=&#8221;1718391308383-38e8ac20-7361&#8243;][vc_column_text css=&#8221;.vc_custom_1748437904590{margin-top: 20px !important;}&#8221;] AGDA SOFIA GUEDES DUARTE DO BU ANA GABRIELA ALVES BATISTA ANDERSON KELVIN DE LUCENA SIQUEIRA ELIZABETH LINS LEITE IAN LEVI NUNES TORRES JESSICA AGRA GUIMAR\u00c3ES JOS\u00c9 LUCAS DA SILVA BACALHAU LUAN CORDEIRO DE SOUZA BARBOSA LUCAS KELVY SALES AZEVEDO MARIA LUIZA ANDRADE DE <a class=\"leiamais\" href=\"https:\/\/pos-graduacao.uepb.edu.br\/ppgca\/corpo-discente\/\">Leia Mais&#8230;<\/a><\/p>\n","protected":false},"author":19,"featured_media":0,"parent":0,"menu_order":0,"comment_status":"open","ping_status":"open","template":"","meta":{"footnotes":""},"class_list":["post-109","page","type-page","status-publish","hentry"],"_links":{"self":[{"href":"https:\/\/pos-graduacao.uepb.edu.br\/ppgca\/wp-json\/wp\/v2\/pages\/109","targetHints":{"allow":["GET"]}}],"collection":[{"href":"https:\/\/pos-graduacao.uepb.edu.br\/ppgca\/wp-json\/wp\/v2\/pages"}],"about":[{"href":"https:\/\/pos-graduacao.uepb.edu.br\/ppgca\/wp-json\/wp\/v2\/types\/page"}],"author":[{"embeddable":true,"href":"https:\/\/pos-graduacao.uepb.edu.br\/ppgca\/wp-json\/wp\/v2\/users\/19"}],"replies":[{"embeddable":true,"href":"https:\/\/pos-graduacao.uepb.edu.br\/ppgca\/wp-json\/wp\/v2\/comments?post=109"}],"version-history":[{"count":61,"href":"https:\/\/pos-graduacao.uepb.edu.br\/ppgca\/wp-json\/wp\/v2\/pages\/109\/revisions"}],"predecessor-version":[{"id":2624,"href":"https:\/\/pos-graduacao.uepb.edu.br\/ppgca\/wp-json\/wp\/v2\/pages\/109\/revisions\/2624"}],"wp:attachment":[{"href":"https:\/\/pos-graduacao.uepb.edu.br\/ppgca\/wp-json\/wp\/v2\/media?parent=109"}],"curies":[{"name":"wp","href":"https:\/\/api.w.org\/{rel}","templated":true}]}}